{"id":61,"date":"2026-04-06T19:28:09","date_gmt":"2026-04-06T17:28:09","guid":{"rendered":"https:\/\/bc.hirello.fr\/?page_id=61"},"modified":"2026-04-23T08:37:15","modified_gmt":"2026-04-23T06:37:15","slug":"nos-vins","status":"publish","type":"page","link":"https:\/\/www.bouchie-chatellier.fr\/en\/nos-vins\/","title":{"rendered":"NOS VINS"},"content":{"rendered":"\t\t<div data-elementor-type=\"wp-page\" data-elementor-id=\"61\" class=\"elementor elementor-61\" data-elementor-post-type=\"page\">\n\t\t\t\t<div class=\"elementor-element elementor-element-2b3ea485 e-con-full e-flex e-con e-parent\" data-id=\"2b3ea485\" data-element_type=\"container\" data-settings=\"{&quot;jet_parallax_layout_list&quot;:[],&quot;background_background&quot;:&quot;classic&quot;}\">\n\t\t\t\t<div class=\"elementor-element elementor-element-7b447bb2 elementor-widget elementor-widget-image\" data-id=\"7b447bb2\" data-element_type=\"widget\" data-widget_type=\"image.default\">\n\t\t\t\t\t\t\t\t\t\t\t\t\t\t\t<img fetchpriority=\"high\" decoding=\"async\" width=\"1300\" height=\"865\" src=\"https:\/\/www.bouchie-chatellier.fr\/wp-content\/uploads\/2026\/04\/VIGNES-CUVETTE_DSC0215.jpg\" class=\"attachment-full size-full wp-image-105\" alt=\"Vignes du Domaine Bouchi\u00e9-Chatellier dans la cuvette de Saint-Andelain\" srcset=\"https:\/\/www.bouchie-chatellier.fr\/wp-content\/uploads\/2026\/04\/VIGNES-CUVETTE_DSC0215.jpg 1300w, https:\/\/www.bouchie-chatellier.fr\/wp-content\/uploads\/2026\/04\/VIGNES-CUVETTE_DSC0215-300x200.jpg 300w, https:\/\/www.bouchie-chatellier.fr\/wp-content\/uploads\/2026\/04\/VIGNES-CUVETTE_DSC0215-1024x681.jpg 1024w, https:\/\/www.bouchie-chatellier.fr\/wp-content\/uploads\/2026\/04\/VIGNES-CUVETTE_DSC0215-768x511.jpg 768w\" sizes=\"(max-width: 1300px) 100vw, 1300px\" \/>\t\t\t\t\t\t\t\t\t\t\t\t\t\t\t<\/div>\n\t\t\t\t<\/div>\n\t\t<div class=\"elementor-element elementor-element-43026ffc e-flex e-con-boxed e-con e-parent\" data-id=\"43026ffc\" data-element_type=\"container\" data-settings=\"{&quot;jet_parallax_layout_list&quot;:[],&quot;background_background&quot;:&quot;classic&quot;}\">\n\t\t\t\t\t<div class=\"e-con-inner\">\n\t\t<div class=\"elementor-element elementor-element-40700a4 e-con-full e-flex e-con e-child\" data-id=\"40700a4\" data-element_type=\"container\" data-settings=\"{&quot;jet_parallax_layout_list&quot;:[]}\">\n\t\t\t\t<div class=\"elementor-element elementor-element-35f2b4c3 elementor-widget elementor-widget-heading\" data-id=\"35f2b4c3\" data-element_type=\"widget\" data-widget_type=\"heading.default\">\n\t\t\t\t\t<h2 class=\"elementor-heading-title elementor-size-default\">. Nos 3 Cuv\u00e9es .<\/h2>\t\t\t\t<\/div>\n\t\t\t\t<div class=\"elementor-element elementor-element-3daf543 elementor-widget elementor-widget-image\" data-id=\"3daf543\" data-element_type=\"widget\" data-widget_type=\"image.default\">\n\t\t\t\t\t\t\t\t\t\t\t\t\t\t\t<img decoding=\"async\" width=\"766\" height=\"151\" src=\"https:\/\/www.bouchie-chatellier.fr\/wp-content\/uploads\/2026\/04\/pouilly-fume-logo.png\" class=\"attachment-full size-full wp-image-286\" alt=\"Logo appellation Pouilly-Fum\u00e9\" srcset=\"https:\/\/www.bouchie-chatellier.fr\/wp-content\/uploads\/2026\/04\/pouilly-fume-logo.png 766w, https:\/\/www.bouchie-chatellier.fr\/wp-content\/uploads\/2026\/04\/pouilly-fume-logo-300x59.png 300w\" sizes=\"(max-width: 766px) 100vw, 766px\" \/>\t\t\t\t\t\t\t\t\t\t\t\t\t\t\t<\/div>\n\t\t\t\t<\/div>\n\t\t<div class=\"elementor-element elementor-element-36a8fe29 e-con-full animated-slow e-flex elementor-invisible e-con e-child\" data-id=\"36a8fe29\" data-element_type=\"container\" data-settings=\"{&quot;jet_parallax_layout_list&quot;:[],&quot;animation&quot;:&quot;fadeInUp&quot;}\">\n\t\t<div class=\"elementor-element elementor-element-cc97de5 e-con-full e-flex e-con e-child\" data-id=\"cc97de5\" data-element_type=\"container\" data-settings=\"{&quot;jet_parallax_layout_list&quot;:[]}\">\n\t\t\t\t<div class=\"elementor-element elementor-element-60a19be elementor-widget elementor-widget-image\" data-id=\"60a19be\" data-element_type=\"widget\" data-widget_type=\"image.default\">\n\t\t\t\t\t\t\t\t\t\t\t\t\t\t\t<img decoding=\"async\" width=\"477\" height=\"97\" src=\"https:\/\/www.bouchie-chatellier.fr\/wp-content\/uploads\/2026\/04\/la-renardiere-pouilly-fume.png\" class=\"attachment-large size-large wp-image-290\" alt=\"\" srcset=\"https:\/\/www.bouchie-chatellier.fr\/wp-content\/uploads\/2026\/04\/la-renardiere-pouilly-fume.png 477w, https:\/\/www.bouchie-chatellier.fr\/wp-content\/uploads\/2026\/04\/la-renardiere-pouilly-fume-300x61.png 300w\" sizes=\"(max-width: 477px) 100vw, 477px\" \/>\t\t\t\t\t\t\t\t\t\t\t\t\t\t\t<\/div>\n\t\t\t\t<\/div>\n\t\t<div class=\"elementor-element elementor-element-37c6fcd e-con-full e-flex e-con e-child\" data-id=\"37c6fcd\" data-element_type=\"container\" data-settings=\"{&quot;jet_parallax_layout_list&quot;:[]}\">\n\t\t\t\t<div class=\"elementor-element elementor-element-480ce45 elementor-widget elementor-widget-heading\" data-id=\"480ce45\" data-element_type=\"widget\" data-widget_type=\"heading.default\">\n\t\t\t\t\t<h2 class=\"elementor-heading-title elementor-size-default\">1.<\/h2>\t\t\t\t<\/div>\n\t\t<div class=\"elementor-element elementor-element-058e9d1 e-con-full e-flex e-con e-child\" data-id=\"058e9d1\" data-element_type=\"container\" data-settings=\"{&quot;jet_parallax_layout_list&quot;:[]}\">\n\t\t\t\t<\/div>\n\t\t\t\t<\/div>\n\t\t<div class=\"elementor-element elementor-element-6ba047a e-con-full e-flex e-con e-child\" data-id=\"6ba047a\" data-element_type=\"container\" data-settings=\"{&quot;jet_parallax_layout_list&quot;:[]}\">\n\t\t\t\t<div class=\"elementor-element elementor-element-15fb2020 elementor-widget elementor-widget-text-editor\" data-id=\"15fb2020\" data-element_type=\"widget\" data-widget_type=\"text-editor.default\">\n\t\t\t\t\t\t\t\t\t<div><div class=\"standard-markdown grid-cols-1 grid [&amp;_&gt;_*]:min-w-0 gap-3\"><p class=\"font-claude-response-body break-words whitespace-normal leading-[1.7]\">La cuv\u00e9e LA RENARDI\u00c8RE repr\u00e9sente une grande partie de notre production.<\/p><p class=\"font-claude-response-body break-words whitespace-normal leading-[1.7]\">Le terroir lui apporte un nez de Blanc Fum\u00e9 (ou Sauvignon) et de Silex bien pr\u00e9sent.<\/p><p class=\"font-claude-response-body break-words whitespace-normal leading-[1.7]\">Harmonie en bouche avec une belle longueur. L&rsquo;\u00e9volution sera charmeuse pendant quelques ann\u00e9es (3 \u00e0 5 ans).<\/p><p class=\"font-claude-response-body break-words whitespace-normal leading-[1.7]\">Des caract\u00e8res de fruits jaunes peuvent appara\u00eetre en vieillissant.<\/p><p class=\"font-claude-response-body break-words whitespace-normal leading-[1.7]\">Caract\u00e9ristique de cette cuv\u00e9e : nez, charpente, fra\u00eecheur, longueur et persistance de ces fruits d\u00fb aux argiles \u00e0 Silex du haut de Saint Andelain.<\/p><p class=\"font-claude-response-body break-words whitespace-normal leading-[1.7]\">Conservation : excellente pour un vin de Loire.<\/p><\/div><\/div>\t\t\t\t\t\t\t\t<\/div>\n\t\t\t\t<\/div>\n\t\t\t\t<\/div>\n\t\t<div class=\"elementor-element elementor-element-99a6451 e-con-full animated-slow e-flex elementor-invisible e-con e-child\" data-id=\"99a6451\" data-element_type=\"container\" data-settings=\"{&quot;jet_parallax_layout_list&quot;:[],&quot;animation&quot;:&quot;fadeInUp&quot;}\">\n\t\t<div class=\"elementor-element elementor-element-ed9f8ec e-con-full e-flex e-con e-child\" data-id=\"ed9f8ec\" data-element_type=\"container\" data-settings=\"{&quot;jet_parallax_layout_list&quot;:[]}\">\n\t\t\t\t<div class=\"elementor-element elementor-element-60ebbe6 elementor-widget elementor-widget-image\" data-id=\"60ebbe6\" data-element_type=\"widget\" data-widget_type=\"image.default\">\n\t\t\t\t\t\t\t\t\t\t\t\t\t\t\t<img loading=\"lazy\" decoding=\"async\" width=\"285\" height=\"249\" src=\"https:\/\/www.bouchie-chatellier.fr\/wp-content\/uploads\/2026\/04\/pouilly-fume-argiles.png\" class=\"attachment-large size-large wp-image-291\" alt=\"\" \/>\t\t\t\t\t\t\t\t\t\t\t\t\t\t\t<\/div>\n\t\t\t\t<\/div>\n\t\t<div class=\"elementor-element elementor-element-c995676 e-con-full e-flex e-con e-child\" data-id=\"c995676\" data-element_type=\"container\" data-settings=\"{&quot;jet_parallax_layout_list&quot;:[]}\">\n\t\t\t\t<div class=\"elementor-element elementor-element-17ccb91 elementor-widget elementor-widget-heading\" data-id=\"17ccb91\" data-element_type=\"widget\" data-widget_type=\"heading.default\">\n\t\t\t\t\t<h2 class=\"elementor-heading-title elementor-size-default\">2.<\/h2>\t\t\t\t<\/div>\n\t\t<div class=\"elementor-element elementor-element-073a011 e-con-full e-flex e-con e-child\" data-id=\"073a011\" data-element_type=\"container\" data-settings=\"{&quot;jet_parallax_layout_list&quot;:[]}\">\n\t\t\t\t<\/div>\n\t\t\t\t<\/div>\n\t\t<div class=\"elementor-element elementor-element-415fc4f e-con-full e-flex e-con e-child\" data-id=\"415fc4f\" data-element_type=\"container\" data-settings=\"{&quot;jet_parallax_layout_list&quot;:[]}\">\n\t\t\t\t<div class=\"elementor-element elementor-element-a671ad4 elementor-widget elementor-widget-text-editor\" data-id=\"a671ad4\" data-element_type=\"widget\" data-widget_type=\"text-editor.default\">\n\t\t\t\t\t\t\t\t\t<div class=\"standard-markdown grid-cols-1 grid [&amp;_&gt;_*]:min-w-0 gap-3\"><p class=\"font-claude-response-body break-words whitespace-normal leading-[1.7]\">La cuv\u00e9e ARGILE \u00e0 S<\/p><p class=\"font-claude-response-body break-words whitespace-normal leading-[1.7]\">Cette cuv\u00e9e est une s\u00e9lection issue des terroirs \u00e0 Silex du sommet de Saint Andelain o\u00f9 la min\u00e9ralit\u00e9 s&rsquo;exprime avec une puret\u00e9 et une intensit\u00e9 remarquable.<\/p><\/div>\t\t\t\t\t\t\t\t<\/div>\n\t\t\t\t<\/div>\n\t\t\t\t<\/div>\n\t\t<div class=\"elementor-element elementor-element-1c5dc14 e-con-full animated-slow e-flex elementor-invisible e-con e-child\" data-id=\"1c5dc14\" data-element_type=\"container\" data-settings=\"{&quot;jet_parallax_layout_list&quot;:[],&quot;animation&quot;:&quot;fadeInUp&quot;}\">\n\t\t<div class=\"elementor-element elementor-element-593648f e-con-full e-flex e-con e-child\" data-id=\"593648f\" data-element_type=\"container\" data-settings=\"{&quot;jet_parallax_layout_list&quot;:[]}\">\n\t\t\t\t<div class=\"elementor-element elementor-element-25adfb9 elementor-widget elementor-widget-image\" data-id=\"25adfb9\" data-element_type=\"widget\" data-widget_type=\"image.default\">\n\t\t\t\t\t\t\t\t\t\t\t\t\t\t\t<img loading=\"lazy\" decoding=\"async\" width=\"518\" height=\"81\" src=\"https:\/\/www.bouchie-chatellier.fr\/wp-content\/uploads\/2026\/04\/pouilly-fume-millesime.png\" class=\"attachment-large size-large wp-image-317\" alt=\"\" srcset=\"https:\/\/www.bouchie-chatellier.fr\/wp-content\/uploads\/2026\/04\/pouilly-fume-millesime.png 518w, https:\/\/www.bouchie-chatellier.fr\/wp-content\/uploads\/2026\/04\/pouilly-fume-millesime-300x47.png 300w\" sizes=\"(max-width: 518px) 100vw, 518px\" \/>\t\t\t\t\t\t\t\t\t\t\t\t\t\t\t<\/div>\n\t\t\t\t<\/div>\n\t\t<div class=\"elementor-element elementor-element-4f4b989 e-con-full e-flex e-con e-child\" data-id=\"4f4b989\" data-element_type=\"container\" data-settings=\"{&quot;jet_parallax_layout_list&quot;:[]}\">\n\t\t\t\t<div class=\"elementor-element elementor-element-fd2387f elementor-widget elementor-widget-heading\" data-id=\"fd2387f\" data-element_type=\"widget\" data-widget_type=\"heading.default\">\n\t\t\t\t\t<h2 class=\"elementor-heading-title elementor-size-default\">3.<\/h2>\t\t\t\t<\/div>\n\t\t<div class=\"elementor-element elementor-element-746a091 e-con-full e-flex e-con e-child\" data-id=\"746a091\" data-element_type=\"container\" data-settings=\"{&quot;jet_parallax_layout_list&quot;:[]}\">\n\t\t\t\t<\/div>\n\t\t\t\t<\/div>\n\t\t<div class=\"elementor-element elementor-element-63e72e4 e-con-full e-flex e-con e-child\" data-id=\"63e72e4\" data-element_type=\"container\" data-settings=\"{&quot;jet_parallax_layout_list&quot;:[]}\">\n\t\t\t\t<div class=\"elementor-element elementor-element-6d60cda elementor-widget elementor-widget-text-editor\" data-id=\"6d60cda\" data-element_type=\"widget\" data-widget_type=\"text-editor.default\">\n\t\t\t\t\t\t\t\t\t<div class=\"standard-markdown grid-cols-1 grid [&amp;_&gt;_*]:min-w-0 gap-3\"><p class=\"font-claude-response-body break-words whitespace-normal leading-[1.7]\">La cuv\u00e9e PREMIER MILL\u00c9SIM\u00c9<\/p><p class=\"font-claude-response-body break-words whitespace-normal leading-[1.7]\">A partir d&rsquo;un choix encore plus s\u00e9lectif des raisins, une vinification sp\u00e9ciale apporte plus de corps et de tanins \u00e9l\u00e9gants.<\/p><p class=\"font-claude-response-body break-words whitespace-normal leading-[1.7]\">Finesse des ar\u00f4mes, volume, richesse sont les caract\u00e9ristiques de cette cuv\u00e9e souvent r\u00e9serv\u00e9e pour la grande restauration.<\/p><p class=\"font-claude-response-body break-words whitespace-normal leading-[1.7]\">Elev\u00e9 un an en cave vout\u00e9e \u00e0 colonnes, ce Pouilly Fum\u00e9 gagne une complexit\u00e9 rare et une vaste plage de saveurs.<\/p><\/div>\t\t\t\t\t\t\t\t<\/div>\n\t\t\t\t<\/div>\n\t\t\t\t<\/div>\n\t\t<div class=\"elementor-element elementor-element-50a360c e-con-full e-flex e-con e-child\" data-id=\"50a360c\" data-element_type=\"container\" data-settings=\"{&quot;jet_parallax_layout_list&quot;:[]}\">\n\t\t\t\t<div class=\"elementor-element elementor-element-b8cc62a elementor-widget-divider--view-line elementor-widget elementor-widget-divider\" data-id=\"b8cc62a\" data-element_type=\"widget\" data-widget_type=\"divider.default\">\n\t\t\t\t\t\t\t<div class=\"elementor-divider\">\n\t\t\t<span class=\"elementor-divider-separator\">\n\t\t\t\t\t\t<\/span>\n\t\t<\/div>\n\t\t\t\t\t\t<\/div>\n\t\t\t\t<div class=\"elementor-element elementor-element-52b0608 elementor-widget elementor-widget-text-editor\" data-id=\"52b0608\" data-element_type=\"widget\" data-widget_type=\"text-editor.default\">\n\t\t\t\t\t\t\t\t\tNos m\u00e9thodes de travail et surtout la \u00ab\u00a0typicit\u00e9 maison\u00a0\u00bb<br> \u00e9vitent la standardisation technicienne.\t\t\t\t\t\t\t\t<\/div>\n\t\t\t\t<\/div>\n\t\t\t\t\t<\/div>\n\t\t\t\t<\/div>\n\t\t<div class=\"elementor-element elementor-element-130983f e-con-full e-flex e-con e-parent\" data-id=\"130983f\" data-element_type=\"container\" data-settings=\"{&quot;jet_parallax_layout_list&quot;:[],&quot;background_background&quot;:&quot;classic&quot;}\">\n\t\t\t\t<div class=\"elementor-element elementor-element-47fb20d7 elementor-widget elementor-widget-image\" data-id=\"47fb20d7\" data-element_type=\"widget\" data-widget_type=\"image.default\">\n\t\t\t\t\t\t\t\t\t\t\t\t\t\t\t<img loading=\"lazy\" decoding=\"async\" width=\"2560\" height=\"2120\" src=\"https:\/\/www.bouchie-chatellier.fr\/wp-content\/uploads\/2026\/04\/Bouchie-Chatellier-scaled.jpg\" class=\"attachment-full size-full wp-image-80\" alt=\"Bouteille Pouilly-Fum\u00e9 La Renardi\u00e8re, Domaine Bouchi\u00e9-Chatellier\" srcset=\"https:\/\/www.bouchie-chatellier.fr\/wp-content\/uploads\/2026\/04\/Bouchie-Chatellier-scaled.jpg 2560w, https:\/\/www.bouchie-chatellier.fr\/wp-content\/uploads\/2026\/04\/Bouchie-Chatellier-300x248.jpg 300w, https:\/\/www.bouchie-chatellier.fr\/wp-content\/uploads\/2026\/04\/Bouchie-Chatellier-1024x848.jpg 1024w, https:\/\/www.bouchie-chatellier.fr\/wp-content\/uploads\/2026\/04\/Bouchie-Chatellier-768x636.jpg 768w, https:\/\/www.bouchie-chatellier.fr\/wp-content\/uploads\/2026\/04\/Bouchie-Chatellier-1536x1272.jpg 1536w, https:\/\/www.bouchie-chatellier.fr\/wp-content\/uploads\/2026\/04\/Bouchie-Chatellier-2048x1696.jpg 2048w\" sizes=\"(max-width: 2560px) 100vw, 2560px\" \/>\t\t\t\t\t\t\t\t\t\t\t\t\t\t\t<\/div>\n\t\t\t\t<\/div>\n\t\t<div class=\"elementor-element elementor-element-03218dc e-con-full e-flex e-con e-parent\" data-id=\"03218dc\" data-element_type=\"container\" data-settings=\"{&quot;jet_parallax_layout_list&quot;:[],&quot;background_background&quot;:&quot;classic&quot;}\">\n\t\t\t\t<div class=\"elementor-element elementor-element-c39c9e4 elementor-widget elementor-widget-image\" data-id=\"c39c9e4\" data-element_type=\"widget\" data-widget_type=\"image.default\">\n\t\t\t\t\t\t\t\t\t\t\t\t\t\t\t<img loading=\"lazy\" decoding=\"async\" width=\"1300\" height=\"868\" src=\"https:\/\/www.bouchie-chatellier.fr\/wp-content\/uploads\/2026\/04\/CAVE_DSC2530.jpg\" class=\"attachment-full size-full wp-image-86\" alt=\"Bouteille Pouilly-Fum\u00e9 Premier Mill\u00e9sim\u00e9, grande cuv\u00e9e Bouchi\u00e9-Chatellier\" srcset=\"https:\/\/www.bouchie-chatellier.fr\/wp-content\/uploads\/2026\/04\/CAVE_DSC2530.jpg 1300w, https:\/\/www.bouchie-chatellier.fr\/wp-content\/uploads\/2026\/04\/CAVE_DSC2530-300x200.jpg 300w, https:\/\/www.bouchie-chatellier.fr\/wp-content\/uploads\/2026\/04\/CAVE_DSC2530-1024x684.jpg 1024w, https:\/\/www.bouchie-chatellier.fr\/wp-content\/uploads\/2026\/04\/CAVE_DSC2530-768x513.jpg 768w\" sizes=\"(max-width: 1300px) 100vw, 1300px\" \/>\t\t\t\t\t\t\t\t\t\t\t\t\t\t\t<\/div>\n\t\t\t\t<\/div>\n\t\t\t\t<\/div>\n\t\t","protected":false},"excerpt":{"rendered":"<p>. Nos 3 Cuv\u00e9es . 1. La cuv\u00e9e LA RENARDI\u00c8RE repr\u00e9sente une grande partie de notre production. Le terroir lui apporte un nez de Blanc Fum\u00e9 (ou Sauvignon) et de Silex bien pr\u00e9sent. Harmonie en bouche avec une belle longueur. L&rsquo;\u00e9volution sera charmeuse pendant quelques ann\u00e9es (3 \u00e0 5 ans). Des caract\u00e8res de fruits jaunes [&hellip;]<\/p>\n","protected":false},"author":2,"featured_media":105,"parent":0,"menu_order":1,"comment_status":"closed","ping_status":"closed","template":"","meta":{"footnotes":""},"class_list":["post-61","page","type-page","status-publish","has-post-thumbnail","hentry"],"yoast_head":"<!-- This site is optimized with the Yoast SEO plugin v25.7 - https:\/\/yoast.com\/wordpress\/plugins\/seo\/ -->\n<title>Nos cuv\u00e9es Pouilly-Fum\u00e9 | Domaine Bouchi\u00e9-Chatellier, Saint-Andelain<\/title>\n<meta name=\"description\" content=\"D\u00e9couvrez les 3 cuv\u00e9es Pouilly-Fum\u00e9 du Domaine Bouchi\u00e9-Chatellier : La Renardi\u00e8re, Argile \u00e0 Silex et Premier Mill\u00e9sim\u00e9. Vins de terroir issus des argiles \u00e0 silex de Saint-Andelain.\" \/>\n<meta name=\"robots\" content=\"index, follow, max-snippet:-1, max-image-preview:large, max-video-preview:-1\" \/>\n<link rel=\"canonical\" href=\"https:\/\/www.bouchie-chatellier.fr\/en\/nos-vins\/\" \/>\n<meta property=\"og:locale\" content=\"en_GB\" \/>\n<meta property=\"og:type\" content=\"article\" \/>\n<meta property=\"og:title\" content=\"Nos cuv\u00e9es Pouilly-Fum\u00e9 | Domaine Bouchi\u00e9-Chatellier, Saint-Andelain\" \/>\n<meta property=\"og:description\" content=\"D\u00e9couvrez les 3 cuv\u00e9es Pouilly-Fum\u00e9 du Domaine Bouchi\u00e9-Chatellier : La Renardi\u00e8re, Argile \u00e0 Silex et Premier Mill\u00e9sim\u00e9. Vins de terroir issus des argiles \u00e0 silex de Saint-Andelain.\" \/>\n<meta property=\"og:url\" content=\"https:\/\/www.bouchie-chatellier.fr\/en\/nos-vins\/\" \/>\n<meta property=\"og:site_name\" content=\"BOUCHI\u00c9-CHATELLIER\" \/>\n<meta property=\"article:modified_time\" content=\"2026-04-23T06:37:15+00:00\" \/>\n<meta property=\"og:image\" content=\"https:\/\/www.bouchie-chatellier.fr\/wp-content\/uploads\/2026\/04\/VIGNES-CUVETTE_DSC0215.jpg\" \/>\n\t<meta property=\"og:image:width\" content=\"1300\" \/>\n\t<meta property=\"og:image:height\" content=\"865\" \/>\n\t<meta property=\"og:image:type\" content=\"image\/jpeg\" \/>\n<meta name=\"twitter:card\" content=\"summary_large_image\" \/>\n<meta name=\"twitter:label1\" content=\"Estimated reading time\" \/>\n\t<meta name=\"twitter:data1\" content=\"2 minutes\" \/>\n<script type=\"application\/ld+json\" class=\"yoast-schema-graph\">{\"@context\":\"https:\/\/schema.org\",\"@graph\":[{\"@type\":\"WebPage\",\"@id\":\"https:\/\/www.bouchie-chatellier.fr\/nos-vins\/\",\"url\":\"https:\/\/www.bouchie-chatellier.fr\/nos-vins\/\",\"name\":\"Nos cuv\u00e9es Pouilly-Fum\u00e9 | Domaine Bouchi\u00e9-Chatellier, Saint-Andelain\",\"isPartOf\":{\"@id\":\"https:\/\/www.bouchie-chatellier.fr\/#website\"},\"primaryImageOfPage\":{\"@id\":\"https:\/\/www.bouchie-chatellier.fr\/nos-vins\/#primaryimage\"},\"image\":{\"@id\":\"https:\/\/www.bouchie-chatellier.fr\/nos-vins\/#primaryimage\"},\"thumbnailUrl\":\"https:\/\/www.bouchie-chatellier.fr\/wp-content\/uploads\/2026\/04\/VIGNES-CUVETTE_DSC0215.jpg\",\"datePublished\":\"2026-04-06T17:28:09+00:00\",\"dateModified\":\"2026-04-23T06:37:15+00:00\",\"description\":\"D\u00e9couvrez les 3 cuv\u00e9es Pouilly-Fum\u00e9 du Domaine Bouchi\u00e9-Chatellier : La Renardi\u00e8re, Argile \u00e0 Silex et Premier Mill\u00e9sim\u00e9. Vins de terroir issus des argiles \u00e0 silex de Saint-Andelain.\",\"breadcrumb\":{\"@id\":\"https:\/\/www.bouchie-chatellier.fr\/nos-vins\/#breadcrumb\"},\"inLanguage\":\"en-GB\",\"potentialAction\":[{\"@type\":\"ReadAction\",\"target\":[\"https:\/\/www.bouchie-chatellier.fr\/nos-vins\/\"]}]},{\"@type\":\"ImageObject\",\"inLanguage\":\"en-GB\",\"@id\":\"https:\/\/www.bouchie-chatellier.fr\/nos-vins\/#primaryimage\",\"url\":\"https:\/\/www.bouchie-chatellier.fr\/wp-content\/uploads\/2026\/04\/VIGNES-CUVETTE_DSC0215.jpg\",\"contentUrl\":\"https:\/\/www.bouchie-chatellier.fr\/wp-content\/uploads\/2026\/04\/VIGNES-CUVETTE_DSC0215.jpg\",\"width\":1300,\"height\":865,\"caption\":\"Vignes du Domaine Bouchi\u00e9-Chatellier dans la cuvette de Saint-Andelain\"},{\"@type\":\"BreadcrumbList\",\"@id\":\"https:\/\/www.bouchie-chatellier.fr\/nos-vins\/#breadcrumb\",\"itemListElement\":[{\"@type\":\"ListItem\",\"position\":1,\"name\":\"Accueil\",\"item\":\"https:\/\/www.bouchie-chatellier.fr\/\"},{\"@type\":\"ListItem\",\"position\":2,\"name\":\"NOS VINS\"}]},{\"@type\":\"WebSite\",\"@id\":\"https:\/\/www.bouchie-chatellier.fr\/#website\",\"url\":\"https:\/\/www.bouchie-chatellier.fr\/\",\"name\":\"BOUCHI\u00c9-CHATELLIER\",\"description\":\"\",\"publisher\":{\"@id\":\"https:\/\/www.bouchie-chatellier.fr\/#organization\"},\"potentialAction\":[{\"@type\":\"SearchAction\",\"target\":{\"@type\":\"EntryPoint\",\"urlTemplate\":\"https:\/\/www.bouchie-chatellier.fr\/?s={search_term_string}\"},\"query-input\":{\"@type\":\"PropertyValueSpecification\",\"valueRequired\":true,\"valueName\":\"search_term_string\"}}],\"inLanguage\":\"en-GB\"},{\"@type\":\"Organization\",\"@id\":\"https:\/\/www.bouchie-chatellier.fr\/#organization\",\"name\":\"BOUCHI\u00c9-CHATELLIER\",\"url\":\"https:\/\/www.bouchie-chatellier.fr\/\",\"logo\":{\"@type\":\"ImageObject\",\"inLanguage\":\"en-GB\",\"@id\":\"https:\/\/www.bouchie-chatellier.fr\/#\/schema\/logo\/image\/\",\"url\":\"https:\/\/www.bouchie-chatellier.fr\/wp-content\/uploads\/2025\/07\/LOGO-BOUCHIE-CHATELLIER.png\",\"contentUrl\":\"https:\/\/www.bouchie-chatellier.fr\/wp-content\/uploads\/2025\/07\/LOGO-BOUCHIE-CHATELLIER.png\",\"width\":469,\"height\":59,\"caption\":\"BOUCHI\u00c9-CHATELLIER\"},\"image\":{\"@id\":\"https:\/\/www.bouchie-chatellier.fr\/#\/schema\/logo\/image\/\"}}]}<\/script>\n<!-- \/ Yoast SEO plugin. -->","yoast_head_json":{"title":"Nos cuv\u00e9es Pouilly-Fum\u00e9 | Domaine Bouchi\u00e9-Chatellier, Saint-Andelain","description":"D\u00e9couvrez les 3 cuv\u00e9es Pouilly-Fum\u00e9 du Domaine Bouchi\u00e9-Chatellier : La Renardi\u00e8re, Argile \u00e0 Silex et Premier Mill\u00e9sim\u00e9. Vins de terroir issus des argiles \u00e0 silex de Saint-Andelain.","robots":{"index":"index","follow":"follow","max-snippet":"max-snippet:-1","max-image-preview":"max-image-preview:large","max-video-preview":"max-video-preview:-1"},"canonical":"https:\/\/www.bouchie-chatellier.fr\/en\/nos-vins\/","og_locale":"en_GB","og_type":"article","og_title":"Nos cuv\u00e9es Pouilly-Fum\u00e9 | Domaine Bouchi\u00e9-Chatellier, Saint-Andelain","og_description":"D\u00e9couvrez les 3 cuv\u00e9es Pouilly-Fum\u00e9 du Domaine Bouchi\u00e9-Chatellier : La Renardi\u00e8re, Argile \u00e0 Silex et Premier Mill\u00e9sim\u00e9. Vins de terroir issus des argiles \u00e0 silex de Saint-Andelain.","og_url":"https:\/\/www.bouchie-chatellier.fr\/en\/nos-vins\/","og_site_name":"BOUCHI\u00c9-CHATELLIER","article_modified_time":"2026-04-23T06:37:15+00:00","og_image":[{"width":1300,"height":865,"url":"https:\/\/www.bouchie-chatellier.fr\/wp-content\/uploads\/2026\/04\/VIGNES-CUVETTE_DSC0215.jpg","type":"image\/jpeg"}],"twitter_card":"summary_large_image","twitter_misc":{"Estimated reading time":"2 minutes"},"schema":{"@context":"https:\/\/schema.org","@graph":[{"@type":"WebPage","@id":"https:\/\/www.bouchie-chatellier.fr\/nos-vins\/","url":"https:\/\/www.bouchie-chatellier.fr\/nos-vins\/","name":"Nos cuv\u00e9es Pouilly-Fum\u00e9 | Domaine Bouchi\u00e9-Chatellier, Saint-Andelain","isPartOf":{"@id":"https:\/\/www.bouchie-chatellier.fr\/#website"},"primaryImageOfPage":{"@id":"https:\/\/www.bouchie-chatellier.fr\/nos-vins\/#primaryimage"},"image":{"@id":"https:\/\/www.bouchie-chatellier.fr\/nos-vins\/#primaryimage"},"thumbnailUrl":"https:\/\/www.bouchie-chatellier.fr\/wp-content\/uploads\/2026\/04\/VIGNES-CUVETTE_DSC0215.jpg","datePublished":"2026-04-06T17:28:09+00:00","dateModified":"2026-04-23T06:37:15+00:00","description":"D\u00e9couvrez les 3 cuv\u00e9es Pouilly-Fum\u00e9 du Domaine Bouchi\u00e9-Chatellier : La Renardi\u00e8re, Argile \u00e0 Silex et Premier Mill\u00e9sim\u00e9. Vins de terroir issus des argiles \u00e0 silex de Saint-Andelain.","breadcrumb":{"@id":"https:\/\/www.bouchie-chatellier.fr\/nos-vins\/#breadcrumb"},"inLanguage":"en-GB","potentialAction":[{"@type":"ReadAction","target":["https:\/\/www.bouchie-chatellier.fr\/nos-vins\/"]}]},{"@type":"ImageObject","inLanguage":"en-GB","@id":"https:\/\/www.bouchie-chatellier.fr\/nos-vins\/#primaryimage","url":"https:\/\/www.bouchie-chatellier.fr\/wp-content\/uploads\/2026\/04\/VIGNES-CUVETTE_DSC0215.jpg","contentUrl":"https:\/\/www.bouchie-chatellier.fr\/wp-content\/uploads\/2026\/04\/VIGNES-CUVETTE_DSC0215.jpg","width":1300,"height":865,"caption":"Vignes du Domaine Bouchi\u00e9-Chatellier dans la cuvette de Saint-Andelain"},{"@type":"BreadcrumbList","@id":"https:\/\/www.bouchie-chatellier.fr\/nos-vins\/#breadcrumb","itemListElement":[{"@type":"ListItem","position":1,"name":"Accueil","item":"https:\/\/www.bouchie-chatellier.fr\/"},{"@type":"ListItem","position":2,"name":"NOS VINS"}]},{"@type":"WebSite","@id":"https:\/\/www.bouchie-chatellier.fr\/#website","url":"https:\/\/www.bouchie-chatellier.fr\/","name":"BOUCHI\u00c9-CHATELLIER","description":"","publisher":{"@id":"https:\/\/www.bouchie-chatellier.fr\/#organization"},"potentialAction":[{"@type":"SearchAction","target":{"@type":"EntryPoint","urlTemplate":"https:\/\/www.bouchie-chatellier.fr\/?s={search_term_string}"},"query-input":{"@type":"PropertyValueSpecification","valueRequired":true,"valueName":"search_term_string"}}],"inLanguage":"en-GB"},{"@type":"Organization","@id":"https:\/\/www.bouchie-chatellier.fr\/#organization","name":"BOUCHI\u00c9-CHATELLIER","url":"https:\/\/www.bouchie-chatellier.fr\/","logo":{"@type":"ImageObject","inLanguage":"en-GB","@id":"https:\/\/www.bouchie-chatellier.fr\/#\/schema\/logo\/image\/","url":"https:\/\/www.bouchie-chatellier.fr\/wp-content\/uploads\/2025\/07\/LOGO-BOUCHIE-CHATELLIER.png","contentUrl":"https:\/\/www.bouchie-chatellier.fr\/wp-content\/uploads\/2025\/07\/LOGO-BOUCHIE-CHATELLIER.png","width":469,"height":59,"caption":"BOUCHI\u00c9-CHATELLIER"},"image":{"@id":"https:\/\/www.bouchie-chatellier.fr\/#\/schema\/logo\/image\/"}}]}},"_links":{"self":[{"href":"https:\/\/www.bouchie-chatellier.fr\/en\/wp-json\/wp\/v2\/pages\/61","targetHints":{"allow":["GET"]}}],"collection":[{"href":"https:\/\/www.bouchie-chatellier.fr\/en\/wp-json\/wp\/v2\/pages"}],"about":[{"href":"https:\/\/www.bouchie-chatellier.fr\/en\/wp-json\/wp\/v2\/types\/page"}],"author":[{"embeddable":true,"href":"https:\/\/www.bouchie-chatellier.fr\/en\/wp-json\/wp\/v2\/users\/2"}],"replies":[{"embeddable":true,"href":"https:\/\/www.bouchie-chatellier.fr\/en\/wp-json\/wp\/v2\/comments?post=61"}],"version-history":[{"count":87,"href":"https:\/\/www.bouchie-chatellier.fr\/en\/wp-json\/wp\/v2\/pages\/61\/revisions"}],"predecessor-version":[{"id":1654,"href":"https:\/\/www.bouchie-chatellier.fr\/en\/wp-json\/wp\/v2\/pages\/61\/revisions\/1654"}],"wp:featuredmedia":[{"embeddable":true,"href":"https:\/\/www.bouchie-chatellier.fr\/en\/wp-json\/wp\/v2\/media\/105"}],"wp:attachment":[{"href":"https:\/\/www.bouchie-chatellier.fr\/en\/wp-json\/wp\/v2\/media?parent=61"}],"curies":[{"name":"wp","href":"https:\/\/api.w.org\/{rel}","templated":true}]}}