{"id":64,"date":"2026-04-06T19:28:29","date_gmt":"2026-04-06T17:28:29","guid":{"rendered":"https:\/\/bc.hirello.fr\/?page_id=64"},"modified":"2026-04-15T18:01:24","modified_gmt":"2026-04-15T16:01:24","slug":"notre-histoire","status":"publish","type":"page","link":"https:\/\/www.bouchie-chatellier.fr\/en\/notre-histoire\/","title":{"rendered":"NOTRE HISTOIRE"},"content":{"rendered":"<div data-elementor-type=\"wp-page\" data-elementor-id=\"64\" class=\"elementor elementor-64\" data-elementor-post-type=\"page\">\n\t\t\t\t<div class=\"elementor-element elementor-element-180fae22 e-con-full e-flex e-con e-parent\" data-id=\"180fae22\" data-element_type=\"container\" data-settings=\"{&quot;jet_parallax_layout_list&quot;:[],&quot;background_background&quot;:&quot;classic&quot;}\">\n\t\t\t\t<div class=\"elementor-element elementor-element-6ccb5537 elementor-widget elementor-widget-image\" data-id=\"6ccb5537\" data-element_type=\"widget\" data-widget_type=\"image.default\">\n\t\t\t\t\t\t\t\t\t\t\t\t\t\t\t<img fetchpriority=\"high\" decoding=\"async\" width=\"1300\" height=\"868\" src=\"https:\/\/www.bouchie-chatellier.fr\/wp-content\/uploads\/2026\/04\/LA-CROIX_DSC1828.jpg\" class=\"attachment-full size-full wp-image-95\" alt=\"Vignes du Domaine Bouchi\u00e9-Chatellier dans la cuvette de Saint-Andelain\" srcset=\"https:\/\/www.bouchie-chatellier.fr\/wp-content\/uploads\/2026\/04\/LA-CROIX_DSC1828.jpg 1300w, https:\/\/www.bouchie-chatellier.fr\/wp-content\/uploads\/2026\/04\/LA-CROIX_DSC1828-300x200.jpg 300w, https:\/\/www.bouchie-chatellier.fr\/wp-content\/uploads\/2026\/04\/LA-CROIX_DSC1828-1024x684.jpg 1024w, https:\/\/www.bouchie-chatellier.fr\/wp-content\/uploads\/2026\/04\/LA-CROIX_DSC1828-768x513.jpg 768w\" sizes=\"(max-width: 1300px) 100vw, 1300px\" \/>\t\t\t\t\t\t\t\t\t\t\t\t\t\t\t<\/div>\n\t\t\t\t<\/div>\n\t\t<div class=\"elementor-element elementor-element-60ef0168 e-flex e-con-boxed e-con e-parent\" data-id=\"60ef0168\" data-element_type=\"container\" data-settings=\"{&quot;jet_parallax_layout_list&quot;:[],&quot;background_background&quot;:&quot;classic&quot;}\">\n\t\t\t\t\t<div class=\"e-con-inner\">\n\t\t\t\t<div class=\"elementor-element elementor-element-23c71beb elementor-widget elementor-widget-heading\" data-id=\"23c71beb\" data-element_type=\"widget\" data-widget_type=\"heading.default\">\n\t\t\t\t\t<h2 class=\"elementor-heading-title elementor-size-default\">. Our History .<\/h2>\t\t\t\t<\/div>\n\t\t<div class=\"elementor-element elementor-element-11860990 e-con-full e-flex e-con e-child\" data-id=\"11860990\" data-element_type=\"container\" data-settings=\"{&quot;jet_parallax_layout_list&quot;:[]}\">\n\t\t<div class=\"elementor-element elementor-element-27a43ed e-con-full e-flex e-con e-child\" data-id=\"27a43ed\" data-element_type=\"container\" data-settings=\"{&quot;jet_parallax_layout_list&quot;:[]}\">\n\t\t\t\t<div class=\"elementor-element elementor-element-0c1c273 elementor-widget elementor-widget-image\" data-id=\"0c1c273\" data-element_type=\"widget\" data-widget_type=\"image.default\">\n\t\t\t\t\t\t\t\t\t\t\t\t\t\t\t<img decoding=\"async\" width=\"316\" height=\"350\" src=\"https:\/\/www.bouchie-chatellier.fr\/wp-content\/uploads\/2026\/04\/robert-poirier-bouchie-chatellier-e1775512216284.png\" class=\"attachment-large size-large wp-image-373\" alt=\"Robert Poirier, fondateur du Domaine La Renardi\u00e8re \u00e0 Saint-Andelain\" srcset=\"https:\/\/www.bouchie-chatellier.fr\/wp-content\/uploads\/2026\/04\/robert-poirier-bouchie-chatellier-e1775512216284.png 316w, https:\/\/www.bouchie-chatellier.fr\/wp-content\/uploads\/2026\/04\/robert-poirier-bouchie-chatellier-e1775512216284-271x300.png 271w\" sizes=\"(max-width: 316px) 100vw, 316px\" \/>\t\t\t\t\t\t\t\t\t\t\t\t\t\t\t<\/div>\n\t\t\t\t<div class=\"elementor-element elementor-element-03b9b9b elementor-widget elementor-widget-heading\" data-id=\"03b9b9b\" data-element_type=\"widget\" data-widget_type=\"heading.default\">\n\t\t\t\t\t<h2 class=\"elementor-heading-title elementor-size-default\">Robert POIRIER<\/h2>\t\t\t\t<\/div>\n\t\t\t\t<div class=\"elementor-element elementor-element-ceb3d98 elementor-widget elementor-widget-text-editor\" data-id=\"ceb3d98\" data-element_type=\"widget\" data-widget_type=\"text-editor.default\">\n\t\t\t\t\t\t\t\t\t<p>He founded La Renardi\u00e8re near the woods where foxes once roamed.<\/p><p>A true pioneer, he cleared the land, won the estate\u2019s first medals, introduced a new pruning method and embraced modernism.<\/p><p>Convinced of Pouilly-Fum\u00e9\u2019s future, he steadily expanded the family estate, and even opened a bar in Nevers, called Au Pouilly.<\/p>\t\t\t\t\t\t\t\t<\/div>\n\t\t\t\t<\/div>\n\t\t<div class=\"elementor-element elementor-element-07c6f94 e-con-full e-flex e-con e-child\" data-id=\"07c6f94\" data-element_type=\"container\" data-settings=\"{&quot;jet_parallax_layout_list&quot;:[]}\">\n\t\t\t\t<div class=\"elementor-element elementor-element-c62bc92 elementor-widget elementor-widget-heading\" data-id=\"c62bc92\" data-element_type=\"widget\" data-widget_type=\"heading.default\">\n\t\t\t\t\t<h2 class=\"elementor-heading-title elementor-size-default\">&amp;<\/h2>\t\t\t\t<\/div>\n\t\t\t\t<\/div>\n\t\t<div class=\"elementor-element elementor-element-36087a9 e-con-full e-flex e-con e-child\" data-id=\"36087a9\" data-element_type=\"container\" data-settings=\"{&quot;jet_parallax_layout_list&quot;:[]}\">\n\t\t\t\t<div class=\"elementor-element elementor-element-1066b10 elementor-widget elementor-widget-image\" data-id=\"1066b10\" data-element_type=\"widget\" data-widget_type=\"image.default\">\n\t\t\t\t\t\t\t\t\t\t\t\t\t\t\t<img decoding=\"async\" width=\"316\" height=\"350\" src=\"https:\/\/www.bouchie-chatellier.fr\/wp-content\/uploads\/2026\/04\/Eugene-BOUCHIE-bouchie-chatellier-e1775512184446.png\" class=\"attachment-large size-large wp-image-372\" alt=\"Eug\u00e8ne Bouchi\u00e9, fondateur du domaine viticole sur la colline de Saint-Andelain\" srcset=\"https:\/\/www.bouchie-chatellier.fr\/wp-content\/uploads\/2026\/04\/Eugene-BOUCHIE-bouchie-chatellier-e1775512184446.png 316w, https:\/\/www.bouchie-chatellier.fr\/wp-content\/uploads\/2026\/04\/Eugene-BOUCHIE-bouchie-chatellier-e1775512184446-271x300.png 271w\" sizes=\"(max-width: 316px) 100vw, 316px\" \/>\t\t\t\t\t\t\t\t\t\t\t\t\t\t\t<\/div>\n\t\t\t\t<div class=\"elementor-element elementor-element-42878b1 elementor-widget elementor-widget-heading\" data-id=\"42878b1\" data-element_type=\"widget\" data-widget_type=\"heading.default\">\n\t\t\t\t\t<h2 class=\"elementor-heading-title elementor-size-default\">Eug\u00e8ne BOUCHI\u00c9<\/h2>\t\t\t\t<\/div>\n\t\t\t\t<div class=\"elementor-element elementor-element-3a7a204 elementor-widget elementor-widget-text-editor\" data-id=\"3a7a204\" data-element_type=\"widget\" data-widget_type=\"text-editor.default\">\n\t\t\t\t\t\t\t\t\t<p>He acquired a vineyard from the neighbouring ch\u00e2teau, on the same Saint-Andelain hill as La Renardi\u00e8re, where the soils are composed of flinty clay and limestone.<\/p><p>The union of the two estates would go on to shape the distinctive complexity of the La Renardi\u00e8re cuv\u00e9es.<\/p><p>---<\/p>\t\t\t\t\t\t\t\t<\/div>\n\t\t\t\t<\/div>\n\t\t\t\t<\/div>\n\t\t<div class=\"elementor-element elementor-element-cf1e14a e-con-full e-flex e-con e-child\" data-id=\"cf1e14a\" data-element_type=\"container\" data-settings=\"{&quot;jet_parallax_layout_list&quot;:[]}\">\n\t\t\t\t<div class=\"elementor-element elementor-element-5fb0b85 elementor-widget elementor-widget-text-editor\" data-id=\"5fb0b85\" data-element_type=\"widget\" data-widget_type=\"text-editor.default\">\n\t\t\t\t\t\t\t\t\tThe marriage of the two family lines, at the beginning of the 20th century,<br> gave rise to the estate as it stands today.\t\t\t\t\t\t\t\t<\/div>\n\t\t\t\t<\/div>\n\t\t\t\t\t<\/div>\n\t\t\t\t<\/div>\n\t\t<div class=\"elementor-element elementor-element-2b664f8e e-con-full e-flex e-con e-parent\" data-id=\"2b664f8e\" data-element_type=\"container\" data-settings=\"{&quot;jet_parallax_layout_list&quot;:[],&quot;background_background&quot;:&quot;classic&quot;}\">\n\t\t\t\t<div class=\"elementor-element elementor-element-5fd78d1f elementor-widget elementor-widget-image\" data-id=\"5fd78d1f\" data-element_type=\"widget\" data-widget_type=\"image.default\">\n\t\t\t\t\t\t\t\t\t\t\t\t\t\t\t<img loading=\"lazy\" decoding=\"async\" width=\"1300\" height=\"867\" src=\"https:\/\/www.bouchie-chatellier.fr\/wp-content\/uploads\/2026\/04\/ARNAUD-CESAR-BOUCHIE_DSC3748.jpg\" class=\"attachment-full size-full wp-image-77\" alt=\"Arnaud et C\u00e9sar Bouchi\u00e9, 4e g\u00e9n\u00e9ration de vignerons au Domaine Bouchi\u00e9-Chatellier\" srcset=\"https:\/\/www.bouchie-chatellier.fr\/wp-content\/uploads\/2026\/04\/ARNAUD-CESAR-BOUCHIE_DSC3748.jpg 1300w, https:\/\/www.bouchie-chatellier.fr\/wp-content\/uploads\/2026\/04\/ARNAUD-CESAR-BOUCHIE_DSC3748-300x200.jpg 300w, https:\/\/www.bouchie-chatellier.fr\/wp-content\/uploads\/2026\/04\/ARNAUD-CESAR-BOUCHIE_DSC3748-1024x683.jpg 1024w, https:\/\/www.bouchie-chatellier.fr\/wp-content\/uploads\/2026\/04\/ARNAUD-CESAR-BOUCHIE_DSC3748-768x512.jpg 768w\" sizes=\"(max-width: 1300px) 100vw, 1300px\" \/>\t\t\t\t\t\t\t\t\t\t\t\t\t\t\t<\/div>\n\t\t\t\t<\/div>\n\t\t<div class=\"elementor-element elementor-element-1946eb8 e-flex e-con-boxed e-con e-parent\" data-id=\"1946eb8\" data-element_type=\"container\" data-settings=\"{&quot;jet_parallax_layout_list&quot;:[],&quot;background_background&quot;:&quot;classic&quot;}\">\n\t\t\t\t\t<div class=\"e-con-inner\">\n\t\t\t\t<div class=\"elementor-element elementor-element-bd7b898 elementor-widget elementor-widget-heading\" data-id=\"bd7b898\" data-element_type=\"widget\" data-widget_type=\"heading.default\">\n\t\t\t\t\t<h2 class=\"elementor-heading-title elementor-size-default\">. A Family Of Winegrowers .<\/h2>\t\t\t\t<\/div>\n\t\t\t\t<div class=\"elementor-element elementor-element-6b06f8d elementor-widget-divider--view-line elementor-widget elementor-widget-divider\" data-id=\"6b06f8d\" data-element_type=\"widget\" data-widget_type=\"divider.default\">\n\t\t\t\t\t\t\t<div class=\"elementor-divider\">\n\t\t\t<span class=\"elementor-divider-separator\">\n\t\t\t\t\t\t<\/span>\n\t\t<\/div>\n\t\t\t\t\t\t<\/div>\n\t\t<div class=\"elementor-element elementor-element-6a8c944 e-flex e-con-boxed e-con e-child\" data-id=\"6a8c944\" data-element_type=\"container\" data-settings=\"{&quot;jet_parallax_layout_list&quot;:[]}\">\n\t\t\t\t\t<div class=\"e-con-inner\">\n\t\t\t\t<div class=\"elementor-element elementor-element-71cfead elementor-widget elementor-widget-text-editor\" data-id=\"71cfead\" data-element_type=\"widget\" data-widget_type=\"text-editor.default\">\n\t\t\t\t\t\t\t\t\t<p>Drawing on four generations of experience, the family has further developed its expertise in some of France\u2019s finest wine regions.<\/p><p>Bernard Bouchi\u00e9, a grandson of the estate\u2019s founder, studied in Burgundy and Champagne before gaining experience in the vineyards of southern France, returning with a degree in oenology from the Montpellier School of Agronomy.<\/p><p>Today, Arnaud Bouchi\u00e9, having spent several years studying oenology and wine business in Burgundy, carries forward the same passion as his forebears.<\/p>\t\t\t\t\t\t\t\t<\/div>\n\t\t\t\t\t<\/div>\n\t\t\t\t<\/div>\n\t\t\t\t\t<\/div>\n\t\t\t\t<\/div>\n\t\t<div class=\"elementor-element elementor-element-c92432e e-con-full e-flex e-con e-parent\" data-id=\"c92432e\" data-element_type=\"container\" data-settings=\"{&quot;jet_parallax_layout_list&quot;:[],&quot;background_background&quot;:&quot;classic&quot;}\">\n\t\t\t\t<div class=\"elementor-element elementor-element-3149710c elementor-widget elementor-widget-image\" data-id=\"3149710c\" data-element_type=\"widget\" data-widget_type=\"image.default\">\n\t\t\t\t\t\t\t\t\t\t\t\t\t\t\t<img loading=\"lazy\" decoding=\"async\" width=\"2560\" height=\"1709\" src=\"https:\/\/www.bouchie-chatellier.fr\/wp-content\/uploads\/2026\/04\/espace-degustation-bouchie-chatellier-scaled.png\" class=\"attachment-full size-full wp-image-354\" alt=\"Espace d\u00e9gustation du Domaine Bouchi\u00e9-Chatellier, accueil des visiteurs\" srcset=\"https:\/\/www.bouchie-chatellier.fr\/wp-content\/uploads\/2026\/04\/espace-degustation-bouchie-chatellier-scaled.png 2560w, https:\/\/www.bouchie-chatellier.fr\/wp-content\/uploads\/2026\/04\/espace-degustation-bouchie-chatellier-300x200.png 300w, https:\/\/www.bouchie-chatellier.fr\/wp-content\/uploads\/2026\/04\/espace-degustation-bouchie-chatellier-1024x684.png 1024w, https:\/\/www.bouchie-chatellier.fr\/wp-content\/uploads\/2026\/04\/espace-degustation-bouchie-chatellier-768x513.png 768w, https:\/\/www.bouchie-chatellier.fr\/wp-content\/uploads\/2026\/04\/espace-degustation-bouchie-chatellier-1536x1025.png 1536w, https:\/\/www.bouchie-chatellier.fr\/wp-content\/uploads\/2026\/04\/espace-degustation-bouchie-chatellier-2048x1367.png 2048w\" sizes=\"(max-width: 2560px) 100vw, 2560px\" \/>\t\t\t\t\t\t\t\t\t\t\t\t\t\t\t<\/div>\n\t\t\t\t<\/div>\n\t\t\t\t<\/div>","protected":false},"excerpt":{"rendered":"<p>. Notre Histoire . Robert POIRIER Il construit le domaine \u00ab\u00a0La Renardi\u00e8re\u00a0\u00bb pr\u00e8s du bois abritant les Renards. Pionnier, il d\u00e9friche, obtient les premi\u00e8res m\u00e9dailles, implante une nouvelle taille et se passionne pour le modernisme. Il croit au succ\u00e8s du Pouilly-Fum\u00e9 en agrandissant le domaine familial sans cesse. Il ouvre un bar \u00ab\u00a0Au Pouilly\u00a0\u00bb \u00e0 [&hellip;]<\/p>\n","protected":false},"author":2,"featured_media":86,"parent":0,"menu_order":2,"comment_status":"closed","ping_status":"closed","template":"","meta":{"footnotes":""},"class_list":["post-64","page","type-page","status-publish","has-post-thumbnail","hentry"],"yoast_head":"<!-- This site is optimized with the Yoast SEO plugin v25.7 - https:\/\/yoast.com\/wordpress\/plugins\/seo\/ -->\n<title>Notre histoire | 4 g\u00e9n\u00e9rations de vignerons Pouilly-Fum\u00e9 | Bouchi\u00e9-Chatellier<\/title>\n<meta name=\"description\" content=\"De Robert Poirier \u00e0 Arnaud Bouchi\u00e9, 4 g\u00e9n\u00e9rations de vignerons se transmettent le Domaine Bouchi\u00e9-Chatellier \u00e0 Saint-Andelain. D\u00e9couvrez l&#039;histoire d&#039;une famille passionn\u00e9e de Pouilly-Fum\u00e9.\" \/>\n<meta name=\"robots\" content=\"index, follow, max-snippet:-1, max-image-preview:large, max-video-preview:-1\" \/>\n<link rel=\"canonical\" href=\"https:\/\/www.bouchie-chatellier.fr\/en\/notre-histoire\/\" \/>\n<meta property=\"og:locale\" content=\"en_GB\" \/>\n<meta property=\"og:type\" content=\"article\" \/>\n<meta property=\"og:title\" content=\"Notre histoire | 4 g\u00e9n\u00e9rations de vignerons Pouilly-Fum\u00e9 | Bouchi\u00e9-Chatellier\" \/>\n<meta property=\"og:description\" content=\"De Robert Poirier \u00e0 Arnaud Bouchi\u00e9, 4 g\u00e9n\u00e9rations de vignerons se transmettent le Domaine Bouchi\u00e9-Chatellier \u00e0 Saint-Andelain. D\u00e9couvrez l&#039;histoire d&#039;une famille passionn\u00e9e de Pouilly-Fum\u00e9.\" \/>\n<meta property=\"og:url\" content=\"https:\/\/www.bouchie-chatellier.fr\/en\/notre-histoire\/\" \/>\n<meta property=\"og:site_name\" content=\"BOUCHI\u00c9-CHATELLIER\" \/>\n<meta property=\"article:modified_time\" content=\"2026-04-15T16:01:24+00:00\" \/>\n<meta property=\"og:image\" content=\"https:\/\/www.bouchie-chatellier.fr\/wp-content\/uploads\/2026\/04\/CAVE_DSC2530.jpg\" \/>\n\t<meta property=\"og:image:width\" content=\"1300\" \/>\n\t<meta property=\"og:image:height\" content=\"868\" \/>\n\t<meta property=\"og:image:type\" content=\"image\/jpeg\" \/>\n<meta name=\"twitter:card\" content=\"summary_large_image\" \/>\n<meta name=\"twitter:label1\" content=\"Estimated reading time\" \/>\n\t<meta name=\"twitter:data1\" content=\"1 minute\" \/>\n<script type=\"application\/ld+json\" class=\"yoast-schema-graph\">{\"@context\":\"https:\/\/schema.org\",\"@graph\":[{\"@type\":\"WebPage\",\"@id\":\"https:\/\/www.bouchie-chatellier.fr\/notre-histoire\/\",\"url\":\"https:\/\/www.bouchie-chatellier.fr\/notre-histoire\/\",\"name\":\"Notre histoire | 4 g\u00e9n\u00e9rations de vignerons Pouilly-Fum\u00e9 | Bouchi\u00e9-Chatellier\",\"isPartOf\":{\"@id\":\"https:\/\/www.bouchie-chatellier.fr\/#website\"},\"primaryImageOfPage\":{\"@id\":\"https:\/\/www.bouchie-chatellier.fr\/notre-histoire\/#primaryimage\"},\"image\":{\"@id\":\"https:\/\/www.bouchie-chatellier.fr\/notre-histoire\/#primaryimage\"},\"thumbnailUrl\":\"https:\/\/www.bouchie-chatellier.fr\/wp-content\/uploads\/2026\/04\/CAVE_DSC2530.jpg\",\"datePublished\":\"2026-04-06T17:28:29+00:00\",\"dateModified\":\"2026-04-15T16:01:24+00:00\",\"description\":\"De Robert Poirier \u00e0 Arnaud Bouchi\u00e9, 4 g\u00e9n\u00e9rations de vignerons se transmettent le Domaine Bouchi\u00e9-Chatellier \u00e0 Saint-Andelain. D\u00e9couvrez l'histoire d'une famille passionn\u00e9e de Pouilly-Fum\u00e9.\",\"breadcrumb\":{\"@id\":\"https:\/\/www.bouchie-chatellier.fr\/notre-histoire\/#breadcrumb\"},\"inLanguage\":\"en-GB\",\"potentialAction\":[{\"@type\":\"ReadAction\",\"target\":[\"https:\/\/www.bouchie-chatellier.fr\/notre-histoire\/\"]}]},{\"@type\":\"ImageObject\",\"inLanguage\":\"en-GB\",\"@id\":\"https:\/\/www.bouchie-chatellier.fr\/notre-histoire\/#primaryimage\",\"url\":\"https:\/\/www.bouchie-chatellier.fr\/wp-content\/uploads\/2026\/04\/CAVE_DSC2530.jpg\",\"contentUrl\":\"https:\/\/www.bouchie-chatellier.fr\/wp-content\/uploads\/2026\/04\/CAVE_DSC2530.jpg\",\"width\":1300,\"height\":868,\"caption\":\"Bouteille Pouilly-Fum\u00e9 Premier Mill\u00e9sim\u00e9, grande cuv\u00e9e Bouchi\u00e9-Chatellier\"},{\"@type\":\"BreadcrumbList\",\"@id\":\"https:\/\/www.bouchie-chatellier.fr\/notre-histoire\/#breadcrumb\",\"itemListElement\":[{\"@type\":\"ListItem\",\"position\":1,\"name\":\"Accueil\",\"item\":\"https:\/\/www.bouchie-chatellier.fr\/\"},{\"@type\":\"ListItem\",\"position\":2,\"name\":\"NOTRE HISTOIRE\"}]},{\"@type\":\"WebSite\",\"@id\":\"https:\/\/www.bouchie-chatellier.fr\/#website\",\"url\":\"https:\/\/www.bouchie-chatellier.fr\/\",\"name\":\"BOUCHI\u00c9-CHATELLIER\",\"description\":\"\",\"publisher\":{\"@id\":\"https:\/\/www.bouchie-chatellier.fr\/#organization\"},\"potentialAction\":[{\"@type\":\"SearchAction\",\"target\":{\"@type\":\"EntryPoint\",\"urlTemplate\":\"https:\/\/www.bouchie-chatellier.fr\/?s={search_term_string}\"},\"query-input\":{\"@type\":\"PropertyValueSpecification\",\"valueRequired\":true,\"valueName\":\"search_term_string\"}}],\"inLanguage\":\"en-GB\"},{\"@type\":\"Organization\",\"@id\":\"https:\/\/www.bouchie-chatellier.fr\/#organization\",\"name\":\"BOUCHI\u00c9-CHATELLIER\",\"url\":\"https:\/\/www.bouchie-chatellier.fr\/\",\"logo\":{\"@type\":\"ImageObject\",\"inLanguage\":\"en-GB\",\"@id\":\"https:\/\/www.bouchie-chatellier.fr\/#\/schema\/logo\/image\/\",\"url\":\"https:\/\/www.bouchie-chatellier.fr\/wp-content\/uploads\/2025\/07\/LOGO-BOUCHIE-CHATELLIER.png\",\"contentUrl\":\"https:\/\/www.bouchie-chatellier.fr\/wp-content\/uploads\/2025\/07\/LOGO-BOUCHIE-CHATELLIER.png\",\"width\":469,\"height\":59,\"caption\":\"BOUCHI\u00c9-CHATELLIER\"},\"image\":{\"@id\":\"https:\/\/www.bouchie-chatellier.fr\/#\/schema\/logo\/image\/\"}}]}<\/script>\n<!-- \/ Yoast SEO plugin. -->","yoast_head_json":{"title":"Notre histoire | 4 g\u00e9n\u00e9rations de vignerons Pouilly-Fum\u00e9 | Bouchi\u00e9-Chatellier","description":"De Robert Poirier \u00e0 Arnaud Bouchi\u00e9, 4 g\u00e9n\u00e9rations de vignerons se transmettent le Domaine Bouchi\u00e9-Chatellier \u00e0 Saint-Andelain. D\u00e9couvrez l'histoire d'une famille passionn\u00e9e de Pouilly-Fum\u00e9.","robots":{"index":"index","follow":"follow","max-snippet":"max-snippet:-1","max-image-preview":"max-image-preview:large","max-video-preview":"max-video-preview:-1"},"canonical":"https:\/\/www.bouchie-chatellier.fr\/en\/notre-histoire\/","og_locale":"en_GB","og_type":"article","og_title":"Notre histoire | 4 g\u00e9n\u00e9rations de vignerons Pouilly-Fum\u00e9 | Bouchi\u00e9-Chatellier","og_description":"De Robert Poirier \u00e0 Arnaud Bouchi\u00e9, 4 g\u00e9n\u00e9rations de vignerons se transmettent le Domaine Bouchi\u00e9-Chatellier \u00e0 Saint-Andelain. D\u00e9couvrez l'histoire d'une famille passionn\u00e9e de Pouilly-Fum\u00e9.","og_url":"https:\/\/www.bouchie-chatellier.fr\/en\/notre-histoire\/","og_site_name":"BOUCHI\u00c9-CHATELLIER","article_modified_time":"2026-04-15T16:01:24+00:00","og_image":[{"width":1300,"height":868,"url":"https:\/\/www.bouchie-chatellier.fr\/wp-content\/uploads\/2026\/04\/CAVE_DSC2530.jpg","type":"image\/jpeg"}],"twitter_card":"summary_large_image","twitter_misc":{"Estimated reading time":"1 minute"},"schema":{"@context":"https:\/\/schema.org","@graph":[{"@type":"WebPage","@id":"https:\/\/www.bouchie-chatellier.fr\/notre-histoire\/","url":"https:\/\/www.bouchie-chatellier.fr\/notre-histoire\/","name":"Notre histoire | 4 g\u00e9n\u00e9rations de vignerons Pouilly-Fum\u00e9 | Bouchi\u00e9-Chatellier","isPartOf":{"@id":"https:\/\/www.bouchie-chatellier.fr\/#website"},"primaryImageOfPage":{"@id":"https:\/\/www.bouchie-chatellier.fr\/notre-histoire\/#primaryimage"},"image":{"@id":"https:\/\/www.bouchie-chatellier.fr\/notre-histoire\/#primaryimage"},"thumbnailUrl":"https:\/\/www.bouchie-chatellier.fr\/wp-content\/uploads\/2026\/04\/CAVE_DSC2530.jpg","datePublished":"2026-04-06T17:28:29+00:00","dateModified":"2026-04-15T16:01:24+00:00","description":"De Robert Poirier \u00e0 Arnaud Bouchi\u00e9, 4 g\u00e9n\u00e9rations de vignerons se transmettent le Domaine Bouchi\u00e9-Chatellier \u00e0 Saint-Andelain. D\u00e9couvrez l'histoire d'une famille passionn\u00e9e de Pouilly-Fum\u00e9.","breadcrumb":{"@id":"https:\/\/www.bouchie-chatellier.fr\/notre-histoire\/#breadcrumb"},"inLanguage":"en-GB","potentialAction":[{"@type":"ReadAction","target":["https:\/\/www.bouchie-chatellier.fr\/notre-histoire\/"]}]},{"@type":"ImageObject","inLanguage":"en-GB","@id":"https:\/\/www.bouchie-chatellier.fr\/notre-histoire\/#primaryimage","url":"https:\/\/www.bouchie-chatellier.fr\/wp-content\/uploads\/2026\/04\/CAVE_DSC2530.jpg","contentUrl":"https:\/\/www.bouchie-chatellier.fr\/wp-content\/uploads\/2026\/04\/CAVE_DSC2530.jpg","width":1300,"height":868,"caption":"Bouteille Pouilly-Fum\u00e9 Premier Mill\u00e9sim\u00e9, grande cuv\u00e9e Bouchi\u00e9-Chatellier"},{"@type":"BreadcrumbList","@id":"https:\/\/www.bouchie-chatellier.fr\/notre-histoire\/#breadcrumb","itemListElement":[{"@type":"ListItem","position":1,"name":"Accueil","item":"https:\/\/www.bouchie-chatellier.fr\/"},{"@type":"ListItem","position":2,"name":"NOTRE HISTOIRE"}]},{"@type":"WebSite","@id":"https:\/\/www.bouchie-chatellier.fr\/#website","url":"https:\/\/www.bouchie-chatellier.fr\/","name":"BOUCHI\u00c9-CHATELLIER","description":"","publisher":{"@id":"https:\/\/www.bouchie-chatellier.fr\/#organization"},"potentialAction":[{"@type":"SearchAction","target":{"@type":"EntryPoint","urlTemplate":"https:\/\/www.bouchie-chatellier.fr\/?s={search_term_string}"},"query-input":{"@type":"PropertyValueSpecification","valueRequired":true,"valueName":"search_term_string"}}],"inLanguage":"en-GB"},{"@type":"Organization","@id":"https:\/\/www.bouchie-chatellier.fr\/#organization","name":"BOUCHI\u00c9-CHATELLIER","url":"https:\/\/www.bouchie-chatellier.fr\/","logo":{"@type":"ImageObject","inLanguage":"en-GB","@id":"https:\/\/www.bouchie-chatellier.fr\/#\/schema\/logo\/image\/","url":"https:\/\/www.bouchie-chatellier.fr\/wp-content\/uploads\/2025\/07\/LOGO-BOUCHIE-CHATELLIER.png","contentUrl":"https:\/\/www.bouchie-chatellier.fr\/wp-content\/uploads\/2025\/07\/LOGO-BOUCHIE-CHATELLIER.png","width":469,"height":59,"caption":"BOUCHI\u00c9-CHATELLIER"},"image":{"@id":"https:\/\/www.bouchie-chatellier.fr\/#\/schema\/logo\/image\/"}}]}},"_links":{"self":[{"href":"https:\/\/www.bouchie-chatellier.fr\/en\/wp-json\/wp\/v2\/pages\/64","targetHints":{"allow":["GET"]}}],"collection":[{"href":"https:\/\/www.bouchie-chatellier.fr\/en\/wp-json\/wp\/v2\/pages"}],"about":[{"href":"https:\/\/www.bouchie-chatellier.fr\/en\/wp-json\/wp\/v2\/types\/page"}],"author":[{"embeddable":true,"href":"https:\/\/www.bouchie-chatellier.fr\/en\/wp-json\/wp\/v2\/users\/2"}],"replies":[{"embeddable":true,"href":"https:\/\/www.bouchie-chatellier.fr\/en\/wp-json\/wp\/v2\/comments?post=64"}],"version-history":[{"count":47,"href":"https:\/\/www.bouchie-chatellier.fr\/en\/wp-json\/wp\/v2\/pages\/64\/revisions"}],"predecessor-version":[{"id":1585,"href":"https:\/\/www.bouchie-chatellier.fr\/en\/wp-json\/wp\/v2\/pages\/64\/revisions\/1585"}],"wp:featuredmedia":[{"embeddable":true,"href":"https:\/\/www.bouchie-chatellier.fr\/en\/wp-json\/wp\/v2\/media\/86"}],"wp:attachment":[{"href":"https:\/\/www.bouchie-chatellier.fr\/en\/wp-json\/wp\/v2\/media?parent=64"}],"curies":[{"name":"wp","href":"https:\/\/api.w.org\/{rel}","templated":true}]}}