{"id":66,"date":"2026-04-06T19:28:50","date_gmt":"2026-04-06T17:28:50","guid":{"rendered":"https:\/\/bc.hirello.fr\/?page_id=66"},"modified":"2026-04-23T08:40:37","modified_gmt":"2026-04-23T06:40:37","slug":"un-vignoble-d-exception","status":"publish","type":"page","link":"https:\/\/www.bouchie-chatellier.fr\/en\/un-vignoble-d-exception\/","title":{"rendered":"UN VIGNOBLE D&rsquo;EXCEPTION"},"content":{"rendered":"<div data-elementor-type=\"wp-page\" data-elementor-id=\"66\" class=\"elementor elementor-66\" data-elementor-post-type=\"page\">\n\t\t\t\t<div class=\"elementor-element elementor-element-24ddfc27 e-con-full e-flex e-con e-parent\" data-id=\"24ddfc27\" data-element_type=\"container\" data-settings=\"{&quot;jet_parallax_layout_list&quot;:[],&quot;background_background&quot;:&quot;classic&quot;}\">\n\t\t\t\t<div class=\"elementor-element elementor-element-79cb8d2d elementor-widget elementor-widget-image\" data-id=\"79cb8d2d\" data-element_type=\"widget\" data-widget_type=\"image.default\">\n\t\t\t\t\t\t\t\t\t\t\t\t\t\t\t<img fetchpriority=\"high\" decoding=\"async\" width=\"1800\" height=\"576\" src=\"https:\/\/www.bouchie-chatellier.fr\/wp-content\/uploads\/2026\/04\/PANORAMIQUE-LA-RENARDIERELA-RENARDIERE-PANORAMIQUE.jpg\" class=\"attachment-full size-full wp-image-96\" alt=\"Vue panoramique du vignoble La Renardi\u00e8re, Domaine Bouchi\u00e9-Chatellier\" srcset=\"https:\/\/www.bouchie-chatellier.fr\/wp-content\/uploads\/2026\/04\/PANORAMIQUE-LA-RENARDIERELA-RENARDIERE-PANORAMIQUE.jpg 1800w, https:\/\/www.bouchie-chatellier.fr\/wp-content\/uploads\/2026\/04\/PANORAMIQUE-LA-RENARDIERELA-RENARDIERE-PANORAMIQUE-300x96.jpg 300w, https:\/\/www.bouchie-chatellier.fr\/wp-content\/uploads\/2026\/04\/PANORAMIQUE-LA-RENARDIERELA-RENARDIERE-PANORAMIQUE-1024x328.jpg 1024w, https:\/\/www.bouchie-chatellier.fr\/wp-content\/uploads\/2026\/04\/PANORAMIQUE-LA-RENARDIERELA-RENARDIERE-PANORAMIQUE-768x246.jpg 768w, https:\/\/www.bouchie-chatellier.fr\/wp-content\/uploads\/2026\/04\/PANORAMIQUE-LA-RENARDIERELA-RENARDIERE-PANORAMIQUE-1536x492.jpg 1536w\" sizes=\"(max-width: 1800px) 100vw, 1800px\" \/>\t\t\t\t\t\t\t\t\t\t\t\t\t\t\t<\/div>\n\t\t\t\t<\/div>\n\t\t<div class=\"elementor-element elementor-element-7a27784a e-con-full e-flex e-con e-parent\" data-id=\"7a27784a\" data-element_type=\"container\" data-settings=\"{&quot;jet_parallax_layout_list&quot;:[],&quot;background_background&quot;:&quot;classic&quot;}\">\n\t\t<div class=\"elementor-element elementor-element-0ed4612 e-con-full e-flex e-con e-child\" data-id=\"0ed4612\" data-element_type=\"container\" data-settings=\"{&quot;jet_parallax_layout_list&quot;:[],&quot;background_background&quot;:&quot;classic&quot;}\">\n\t\t\t\t<div class=\"elementor-element elementor-element-9eceff1 elementor-widget elementor-widget-image\" data-id=\"9eceff1\" data-element_type=\"widget\" id=\"photo-1\" data-widget_type=\"image.default\">\n\t\t\t\t\t\t\t\t\t\t\t\t\t\t\t<img decoding=\"async\" width=\"867\" height=\"1300\" src=\"https:\/\/www.bouchie-chatellier.fr\/wp-content\/uploads\/2026\/04\/SILEX_DSC3259.jpg\" class=\"attachment-full size-full wp-image-103\" alt=\"Pierre de silex dans le sol du vignoble Bouchi\u00e9-Chatellier, terroir Pouilly-Fum\u00e9\" srcset=\"https:\/\/www.bouchie-chatellier.fr\/wp-content\/uploads\/2026\/04\/SILEX_DSC3259.jpg 867w, https:\/\/www.bouchie-chatellier.fr\/wp-content\/uploads\/2026\/04\/SILEX_DSC3259-200x300.jpg 200w, https:\/\/www.bouchie-chatellier.fr\/wp-content\/uploads\/2026\/04\/SILEX_DSC3259-683x1024.jpg 683w, https:\/\/www.bouchie-chatellier.fr\/wp-content\/uploads\/2026\/04\/SILEX_DSC3259-768x1152.jpg 768w\" sizes=\"(max-width: 867px) 100vw, 867px\" \/>\t\t\t\t\t\t\t\t\t\t\t\t\t\t\t<\/div>\n\t\t\t\t<div class=\"elementor-element elementor-element-41c8727 elementor-widget elementor-widget-image\" data-id=\"41c8727\" data-element_type=\"widget\" id=\"photo-2\" data-widget_type=\"image.default\">\n\t\t\t\t\t\t\t\t\t\t\t\t\t\t\t<img decoding=\"async\" width=\"1705\" height=\"2560\" src=\"https:\/\/www.bouchie-chatellier.fr\/wp-content\/uploads\/2026\/04\/photo-bouchie-chatellier-scaled.png\" class=\"attachment-full size-full wp-image-583\" alt=\"photo-bouchi\u00e9-chatellier\" srcset=\"https:\/\/www.bouchie-chatellier.fr\/wp-content\/uploads\/2026\/04\/photo-bouchie-chatellier-scaled.png 1705w, https:\/\/www.bouchie-chatellier.fr\/wp-content\/uploads\/2026\/04\/photo-bouchie-chatellier-200x300.png 200w, https:\/\/www.bouchie-chatellier.fr\/wp-content\/uploads\/2026\/04\/photo-bouchie-chatellier-682x1024.png 682w, https:\/\/www.bouchie-chatellier.fr\/wp-content\/uploads\/2026\/04\/photo-bouchie-chatellier-768x1153.png 768w, https:\/\/www.bouchie-chatellier.fr\/wp-content\/uploads\/2026\/04\/photo-bouchie-chatellier-1023x1536.png 1023w, https:\/\/www.bouchie-chatellier.fr\/wp-content\/uploads\/2026\/04\/photo-bouchie-chatellier-1364x2048.png 1364w\" sizes=\"(max-width: 1705px) 100vw, 1705px\" \/>\t\t\t\t\t\t\t\t\t\t\t\t\t\t\t<\/div>\n\t\t\t\t<\/div>\n\t\t<div class=\"elementor-element elementor-element-536d6665 e-con-full e-flex e-con e-child\" data-id=\"536d6665\" data-element_type=\"container\" id=\"parent\" data-settings=\"{&quot;jet_parallax_layout_list&quot;:[]}\">\n\t\t\t\t<div class=\"elementor-element elementor-element-3de0cf13 elementor-widget elementor-widget-heading\" data-id=\"3de0cf13\" data-element_type=\"widget\" data-widget_type=\"heading.default\">\n\t\t\t\t\t<h2 class=\"elementor-heading-title elementor-size-default\">An Exceptional Vineyard .<\/h2>\t\t\t\t<\/div>\n\t\t\t\t<div class=\"elementor-element elementor-element-63cd9c98 elementor-widget elementor-widget-text-editor\" data-id=\"63cd9c98\" data-element_type=\"widget\" data-widget_type=\"text-editor.default\">\n\t\t\t\t\t\t\t\t\t<p>LOCATION: Perched at the top of the village of Saint-Andelain, with slopes descending towards the Loire River, and sweeping views over the entire vineyard.<\/p><p>ASPECT: South- and west-facing slopes\u2009\u2013\u2009altitude 265 metres<\/p><p>GEOLOGY: Kimmeridgian marl\u2009\u2013\u2009Cretaceous.<\/p><p>TERROIR: Flint-rich clay soils yielding wines with greater structure and ageing potential than other terroirs.<br \/>Long renowned, this area is home to parcels owned by some of the most prestigious estates and leading names of the Pouilly-Fum\u00e9 appellation.<\/p><p>CLIMATE: Temperate, with a strong oceanic influence.\nThe Loire River brings mild conditions and light morning mists.<\/p><p>GRAPE VARIETIES: Blanc Fum\u00e9 (Sauvignon), as well as 0.35 hectares of old Chasselas Dor\u00e9 used for the production of Pouilly-sur-Loire AOC.<\/p><p>Alongside a selection of low-yielding, high-quality clones, the estate\u2019s own massal selection has been propagated and used with success since 1930.<\/p><p>VINEYARD MANAGEMENT: Traditional cultivation methods, including ploughing and grass cover on the hillsides.<\/p><p>PRUNING: The vines are pruned using Single Guyot and Cordon de Royat.<\/p><p>AGE: The oldest vines are 65 years old.<\/p><p>SIZE of the family estate: 22 hectares.<\/p><p>FEATURES on the estate: Two carved stone crosses (Riaux and Les Satins).<\/p><p>HUNTING: Game hunting is not practised on the estate.<\/p>\t\t\t\t\t\t\t\t<\/div>\n\t\t\t\t<div class=\"elementor-element elementor-element-1ec1067 elementor-widget elementor-widget-html\" data-id=\"1ec1067\" data-element_type=\"widget\" data-widget_type=\"html.default\">\n\t\t\t\t\t<script>\ndocument.addEventListener('DOMContentLoaded', () => {\n  setTimeout(() => {\n    const parent = document.querySelector('#parent');\n    const photo1 = document.querySelector('#photo-1');\n    const photo2 = document.querySelector('#photo-2');\n    if (!parent || !photo1 || !photo2) return;\n\n    const halfHeight = parent.offsetHeight \/ 2 + 'px';\n    photo1.style.height = halfHeight;\n    photo2.style.height = halfHeight;\n    photo1.style.objectFit = 'cover';\n    photo2.style.objectFit = 'cover';\n  }, 100);\n});\n<\/script>\t\t\t\t<\/div>\n\t\t\t\t<\/div>\n\t\t\t\t<\/div>\n\t\t<div class=\"elementor-element elementor-element-5d89fb9e e-con-full e-flex e-con e-parent\" data-id=\"5d89fb9e\" data-element_type=\"container\" data-settings=\"{&quot;jet_parallax_layout_list&quot;:[]}\">\n\t\t\t\t<div class=\"elementor-element elementor-element-5b6ae347 elementor-widget elementor-widget-image\" data-id=\"5b6ae347\" data-element_type=\"widget\" data-widget_type=\"image.default\">\n\t\t\t\t\t\t\t\t\t\t\t\t\t\t\t<img loading=\"lazy\" decoding=\"async\" width=\"2560\" height=\"1709\" src=\"https:\/\/www.bouchie-chatellier.fr\/wp-content\/uploads\/2026\/04\/vignes-2-bouchie-chatellier-scaled.png\" class=\"attachment-full size-full wp-image-393\" alt=\"Rangs de vignes du Domaine Bouchi\u00e9-Chatellier, culture traditionnelle avec labour\" srcset=\"https:\/\/www.bouchie-chatellier.fr\/wp-content\/uploads\/2026\/04\/vignes-2-bouchie-chatellier-scaled.png 2560w, https:\/\/www.bouchie-chatellier.fr\/wp-content\/uploads\/2026\/04\/vignes-2-bouchie-chatellier-300x200.png 300w, https:\/\/www.bouchie-chatellier.fr\/wp-content\/uploads\/2026\/04\/vignes-2-bouchie-chatellier-1024x684.png 1024w, https:\/\/www.bouchie-chatellier.fr\/wp-content\/uploads\/2026\/04\/vignes-2-bouchie-chatellier-768x513.png 768w, https:\/\/www.bouchie-chatellier.fr\/wp-content\/uploads\/2026\/04\/vignes-2-bouchie-chatellier-1536x1025.png 1536w, https:\/\/www.bouchie-chatellier.fr\/wp-content\/uploads\/2026\/04\/vignes-2-bouchie-chatellier-2048x1367.png 2048w\" sizes=\"(max-width: 2560px) 100vw, 2560px\" \/>\t\t\t\t\t\t\t\t\t\t\t\t\t\t\t<\/div>\n\t\t\t\t<\/div>\n\t\t<div class=\"elementor-element elementor-element-41dc3e21 e-flex e-con-boxed e-con e-parent\" data-id=\"41dc3e21\" data-element_type=\"container\" data-settings=\"{&quot;jet_parallax_layout_list&quot;:[],&quot;background_background&quot;:&quot;classic&quot;}\">\n\t\t\t\t\t<div class=\"e-con-inner\">\n\t\t<div class=\"elementor-element elementor-element-424e998d e-flex e-con-boxed e-con e-child\" data-id=\"424e998d\" data-element_type=\"container\" data-settings=\"{&quot;jet_parallax_layout_list&quot;:[]}\">\n\t\t\t\t\t<div class=\"e-con-inner\">\n\t\t\t\t<div class=\"elementor-element elementor-element-f4af301 elementor-widget elementor-widget-image\" data-id=\"f4af301\" data-element_type=\"widget\" data-widget_type=\"image.default\">\n\t\t\t\t\t\t\t\t\t\t\t\t\t\t\t<img loading=\"lazy\" decoding=\"async\" width=\"2063\" height=\"1364\" src=\"https:\/\/www.bouchie-chatellier.fr\/wp-content\/uploads\/2026\/04\/carte-bouchie-chatellier-1.png\" class=\"attachment-full size-full wp-image-503\" alt=\"Carte des parcelles du Domaine Bouchi\u00e9-Chatellier, appellation Pouilly-Fum\u00e9\" srcset=\"https:\/\/www.bouchie-chatellier.fr\/wp-content\/uploads\/2026\/04\/carte-bouchie-chatellier-1.png 2063w, https:\/\/www.bouchie-chatellier.fr\/wp-content\/uploads\/2026\/04\/carte-bouchie-chatellier-1-300x198.png 300w, https:\/\/www.bouchie-chatellier.fr\/wp-content\/uploads\/2026\/04\/carte-bouchie-chatellier-1-1024x677.png 1024w, https:\/\/www.bouchie-chatellier.fr\/wp-content\/uploads\/2026\/04\/carte-bouchie-chatellier-1-768x508.png 768w, https:\/\/www.bouchie-chatellier.fr\/wp-content\/uploads\/2026\/04\/carte-bouchie-chatellier-1-1536x1016.png 1536w, https:\/\/www.bouchie-chatellier.fr\/wp-content\/uploads\/2026\/04\/carte-bouchie-chatellier-1-2048x1354.png 2048w\" sizes=\"(max-width: 2063px) 100vw, 2063px\" \/>\t\t\t\t\t\t\t\t\t\t\t\t\t\t\t<\/div>\n\t\t\t\t\t<\/div>\n\t\t\t\t<\/div>\n\t\t\t\t\t<\/div>\n\t\t\t\t<\/div>\n\t\t<div class=\"elementor-element elementor-element-582715d5 e-con-full e-flex e-con e-parent\" data-id=\"582715d5\" data-element_type=\"container\" data-settings=\"{&quot;jet_parallax_layout_list&quot;:[],&quot;background_background&quot;:&quot;classic&quot;}\">\n\t\t\t\t<div class=\"elementor-element elementor-element-19dbc85f elementor-widget elementor-widget-image\" data-id=\"19dbc85f\" data-element_type=\"widget\" data-widget_type=\"image.default\">\n\t\t\t\t\t\t\t\t\t\t\t\t\t\t\t<img loading=\"lazy\" decoding=\"async\" width=\"2560\" height=\"1709\" src=\"https:\/\/www.bouchie-chatellier.fr\/wp-content\/uploads\/2026\/04\/cave-bouchier-chatellier-scaled.png\" class=\"attachment-full size-full wp-image-398\" alt=\"Cave du Domaine Bouchi\u00e9-Chatellier, \u00e9levage des Pouilly-Fum\u00e9\" srcset=\"https:\/\/www.bouchie-chatellier.fr\/wp-content\/uploads\/2026\/04\/cave-bouchier-chatellier-scaled.png 2560w, https:\/\/www.bouchie-chatellier.fr\/wp-content\/uploads\/2026\/04\/cave-bouchier-chatellier-300x200.png 300w, https:\/\/www.bouchie-chatellier.fr\/wp-content\/uploads\/2026\/04\/cave-bouchier-chatellier-1024x684.png 1024w, https:\/\/www.bouchie-chatellier.fr\/wp-content\/uploads\/2026\/04\/cave-bouchier-chatellier-768x513.png 768w, https:\/\/www.bouchie-chatellier.fr\/wp-content\/uploads\/2026\/04\/cave-bouchier-chatellier-1536x1026.png 1536w, https:\/\/www.bouchie-chatellier.fr\/wp-content\/uploads\/2026\/04\/cave-bouchier-chatellier-2048x1367.png 2048w\" sizes=\"(max-width: 2560px) 100vw, 2560px\" \/>\t\t\t\t\t\t\t\t\t\t\t\t\t\t\t<\/div>\n\t\t\t\t<\/div>\n\t\t\t\t<\/div>","protected":false},"excerpt":{"rendered":"<p>Un Vignoble d&rsquo;exception . SITUATION : au sommet du vignoble du village de Saint Andelain sur des pentes descendant vers la Loire. Superbe vue panoramique sur tout le vignoble. EXPOSITION : coteaux expos\u00e9s au sud et \u00e0 l&rsquo;ouest &#8211; altitude 265 m GEOLOGIE : marne kimm\u00e9ridgien &#8211; cr\u00e9tac\u00e9 TERROIR : Argile \u00e0 Silex donnant un [&hellip;]<\/p>\n","protected":false},"author":2,"featured_media":393,"parent":0,"menu_order":3,"comment_status":"closed","ping_status":"closed","template":"","meta":{"footnotes":""},"class_list":["post-66","page","type-page","status-publish","has-post-thumbnail","hentry"],"yoast_head":"<!-- This site is optimized with the Yoast SEO plugin v25.7 - https:\/\/yoast.com\/wordpress\/plugins\/seo\/ -->\n<title>Vignoble Pouilly-Fum\u00e9 \u00e0 Saint-Andelain | Terroir argile \u00e0 silex | Bouchi\u00e9-Chatellier<\/title>\n<meta name=\"description\" content=\"22 hectares sur les coteaux de Saint-Andelain, terroir d&#039;argile \u00e0 silex, vignes de 65 ans, c\u00e9page Sauvignon Blanc Fum\u00e9. D\u00e9couvrez le vignoble du Domaine Bouchi\u00e9-Chatellier au c\u0153ur de l&#039;appellation Pouilly-Fum\u00e9.\" \/>\n<meta name=\"robots\" content=\"index, follow, max-snippet:-1, max-image-preview:large, max-video-preview:-1\" \/>\n<link rel=\"canonical\" href=\"https:\/\/www.bouchie-chatellier.fr\/en\/un-vignoble-d-exception\/\" \/>\n<meta property=\"og:locale\" content=\"en_GB\" \/>\n<meta property=\"og:type\" content=\"article\" \/>\n<meta property=\"og:title\" content=\"Vignoble Pouilly-Fum\u00e9 \u00e0 Saint-Andelain | Terroir argile \u00e0 silex | Bouchi\u00e9-Chatellier\" \/>\n<meta property=\"og:description\" content=\"22 hectares sur les coteaux de Saint-Andelain, terroir d&#039;argile \u00e0 silex, vignes de 65 ans, c\u00e9page Sauvignon Blanc Fum\u00e9. D\u00e9couvrez le vignoble du Domaine Bouchi\u00e9-Chatellier au c\u0153ur de l&#039;appellation Pouilly-Fum\u00e9.\" \/>\n<meta property=\"og:url\" content=\"https:\/\/www.bouchie-chatellier.fr\/en\/un-vignoble-d-exception\/\" \/>\n<meta property=\"og:site_name\" content=\"BOUCHI\u00c9-CHATELLIER\" \/>\n<meta property=\"article:modified_time\" content=\"2026-04-23T06:40:37+00:00\" \/>\n<meta property=\"og:image\" content=\"https:\/\/www.bouchie-chatellier.fr\/wp-content\/uploads\/2026\/04\/vignes-2-bouchie-chatellier-1024x684.png\" \/>\n\t<meta property=\"og:image:width\" content=\"1024\" \/>\n\t<meta property=\"og:image:height\" content=\"684\" \/>\n\t<meta property=\"og:image:type\" content=\"image\/png\" \/>\n<meta name=\"twitter:card\" content=\"summary_large_image\" \/>\n<meta name=\"twitter:label1\" content=\"Estimated reading time\" \/>\n\t<meta name=\"twitter:data1\" content=\"2 minutes\" \/>\n<script type=\"application\/ld+json\" class=\"yoast-schema-graph\">{\"@context\":\"https:\/\/schema.org\",\"@graph\":[{\"@type\":\"WebPage\",\"@id\":\"https:\/\/www.bouchie-chatellier.fr\/un-vignoble-d-exception\/\",\"url\":\"https:\/\/www.bouchie-chatellier.fr\/un-vignoble-d-exception\/\",\"name\":\"Vignoble Pouilly-Fum\u00e9 \u00e0 Saint-Andelain | Terroir argile \u00e0 silex | Bouchi\u00e9-Chatellier\",\"isPartOf\":{\"@id\":\"https:\/\/www.bouchie-chatellier.fr\/#website\"},\"primaryImageOfPage\":{\"@id\":\"https:\/\/www.bouchie-chatellier.fr\/un-vignoble-d-exception\/#primaryimage\"},\"image\":{\"@id\":\"https:\/\/www.bouchie-chatellier.fr\/un-vignoble-d-exception\/#primaryimage\"},\"thumbnailUrl\":\"https:\/\/www.bouchie-chatellier.fr\/wp-content\/uploads\/2026\/04\/vignes-2-bouchie-chatellier-scaled.png\",\"datePublished\":\"2026-04-06T17:28:50+00:00\",\"dateModified\":\"2026-04-23T06:40:37+00:00\",\"description\":\"22 hectares sur les coteaux de Saint-Andelain, terroir d'argile \u00e0 silex, vignes de 65 ans, c\u00e9page Sauvignon Blanc Fum\u00e9. D\u00e9couvrez le vignoble du Domaine Bouchi\u00e9-Chatellier au c\u0153ur de l'appellation Pouilly-Fum\u00e9.\",\"breadcrumb\":{\"@id\":\"https:\/\/www.bouchie-chatellier.fr\/un-vignoble-d-exception\/#breadcrumb\"},\"inLanguage\":\"en-GB\",\"potentialAction\":[{\"@type\":\"ReadAction\",\"target\":[\"https:\/\/www.bouchie-chatellier.fr\/un-vignoble-d-exception\/\"]}]},{\"@type\":\"ImageObject\",\"inLanguage\":\"en-GB\",\"@id\":\"https:\/\/www.bouchie-chatellier.fr\/un-vignoble-d-exception\/#primaryimage\",\"url\":\"https:\/\/www.bouchie-chatellier.fr\/wp-content\/uploads\/2026\/04\/vignes-2-bouchie-chatellier-scaled.png\",\"contentUrl\":\"https:\/\/www.bouchie-chatellier.fr\/wp-content\/uploads\/2026\/04\/vignes-2-bouchie-chatellier-scaled.png\",\"width\":2560,\"height\":1709,\"caption\":\"Rangs de vignes du Domaine Bouchi\u00e9-Chatellier, culture traditionnelle avec labour\"},{\"@type\":\"BreadcrumbList\",\"@id\":\"https:\/\/www.bouchie-chatellier.fr\/un-vignoble-d-exception\/#breadcrumb\",\"itemListElement\":[{\"@type\":\"ListItem\",\"position\":1,\"name\":\"Accueil\",\"item\":\"https:\/\/www.bouchie-chatellier.fr\/\"},{\"@type\":\"ListItem\",\"position\":2,\"name\":\"UN VIGNOBLE D&rsquo;EXCEPTION\"}]},{\"@type\":\"WebSite\",\"@id\":\"https:\/\/www.bouchie-chatellier.fr\/#website\",\"url\":\"https:\/\/www.bouchie-chatellier.fr\/\",\"name\":\"BOUCHI\u00c9-CHATELLIER\",\"description\":\"\",\"publisher\":{\"@id\":\"https:\/\/www.bouchie-chatellier.fr\/#organization\"},\"potentialAction\":[{\"@type\":\"SearchAction\",\"target\":{\"@type\":\"EntryPoint\",\"urlTemplate\":\"https:\/\/www.bouchie-chatellier.fr\/?s={search_term_string}\"},\"query-input\":{\"@type\":\"PropertyValueSpecification\",\"valueRequired\":true,\"valueName\":\"search_term_string\"}}],\"inLanguage\":\"en-GB\"},{\"@type\":\"Organization\",\"@id\":\"https:\/\/www.bouchie-chatellier.fr\/#organization\",\"name\":\"BOUCHI\u00c9-CHATELLIER\",\"url\":\"https:\/\/www.bouchie-chatellier.fr\/\",\"logo\":{\"@type\":\"ImageObject\",\"inLanguage\":\"en-GB\",\"@id\":\"https:\/\/www.bouchie-chatellier.fr\/#\/schema\/logo\/image\/\",\"url\":\"https:\/\/www.bouchie-chatellier.fr\/wp-content\/uploads\/2025\/07\/LOGO-BOUCHIE-CHATELLIER.png\",\"contentUrl\":\"https:\/\/www.bouchie-chatellier.fr\/wp-content\/uploads\/2025\/07\/LOGO-BOUCHIE-CHATELLIER.png\",\"width\":469,\"height\":59,\"caption\":\"BOUCHI\u00c9-CHATELLIER\"},\"image\":{\"@id\":\"https:\/\/www.bouchie-chatellier.fr\/#\/schema\/logo\/image\/\"}}]}<\/script>\n<!-- \/ Yoast SEO plugin. -->","yoast_head_json":{"title":"Vignoble Pouilly-Fum\u00e9 \u00e0 Saint-Andelain | Terroir argile \u00e0 silex | Bouchi\u00e9-Chatellier","description":"22 hectares sur les coteaux de Saint-Andelain, terroir d'argile \u00e0 silex, vignes de 65 ans, c\u00e9page Sauvignon Blanc Fum\u00e9. D\u00e9couvrez le vignoble du Domaine Bouchi\u00e9-Chatellier au c\u0153ur de l'appellation Pouilly-Fum\u00e9.","robots":{"index":"index","follow":"follow","max-snippet":"max-snippet:-1","max-image-preview":"max-image-preview:large","max-video-preview":"max-video-preview:-1"},"canonical":"https:\/\/www.bouchie-chatellier.fr\/en\/un-vignoble-d-exception\/","og_locale":"en_GB","og_type":"article","og_title":"Vignoble Pouilly-Fum\u00e9 \u00e0 Saint-Andelain | Terroir argile \u00e0 silex | Bouchi\u00e9-Chatellier","og_description":"22 hectares sur les coteaux de Saint-Andelain, terroir d'argile \u00e0 silex, vignes de 65 ans, c\u00e9page Sauvignon Blanc Fum\u00e9. D\u00e9couvrez le vignoble du Domaine Bouchi\u00e9-Chatellier au c\u0153ur de l'appellation Pouilly-Fum\u00e9.","og_url":"https:\/\/www.bouchie-chatellier.fr\/en\/un-vignoble-d-exception\/","og_site_name":"BOUCHI\u00c9-CHATELLIER","article_modified_time":"2026-04-23T06:40:37+00:00","og_image":[{"width":1024,"height":684,"url":"https:\/\/www.bouchie-chatellier.fr\/wp-content\/uploads\/2026\/04\/vignes-2-bouchie-chatellier-1024x684.png","type":"image\/png"}],"twitter_card":"summary_large_image","twitter_misc":{"Estimated reading time":"2 minutes"},"schema":{"@context":"https:\/\/schema.org","@graph":[{"@type":"WebPage","@id":"https:\/\/www.bouchie-chatellier.fr\/un-vignoble-d-exception\/","url":"https:\/\/www.bouchie-chatellier.fr\/un-vignoble-d-exception\/","name":"Vignoble Pouilly-Fum\u00e9 \u00e0 Saint-Andelain | Terroir argile \u00e0 silex | Bouchi\u00e9-Chatellier","isPartOf":{"@id":"https:\/\/www.bouchie-chatellier.fr\/#website"},"primaryImageOfPage":{"@id":"https:\/\/www.bouchie-chatellier.fr\/un-vignoble-d-exception\/#primaryimage"},"image":{"@id":"https:\/\/www.bouchie-chatellier.fr\/un-vignoble-d-exception\/#primaryimage"},"thumbnailUrl":"https:\/\/www.bouchie-chatellier.fr\/wp-content\/uploads\/2026\/04\/vignes-2-bouchie-chatellier-scaled.png","datePublished":"2026-04-06T17:28:50+00:00","dateModified":"2026-04-23T06:40:37+00:00","description":"22 hectares sur les coteaux de Saint-Andelain, terroir d'argile \u00e0 silex, vignes de 65 ans, c\u00e9page Sauvignon Blanc Fum\u00e9. D\u00e9couvrez le vignoble du Domaine Bouchi\u00e9-Chatellier au c\u0153ur de l'appellation Pouilly-Fum\u00e9.","breadcrumb":{"@id":"https:\/\/www.bouchie-chatellier.fr\/un-vignoble-d-exception\/#breadcrumb"},"inLanguage":"en-GB","potentialAction":[{"@type":"ReadAction","target":["https:\/\/www.bouchie-chatellier.fr\/un-vignoble-d-exception\/"]}]},{"@type":"ImageObject","inLanguage":"en-GB","@id":"https:\/\/www.bouchie-chatellier.fr\/un-vignoble-d-exception\/#primaryimage","url":"https:\/\/www.bouchie-chatellier.fr\/wp-content\/uploads\/2026\/04\/vignes-2-bouchie-chatellier-scaled.png","contentUrl":"https:\/\/www.bouchie-chatellier.fr\/wp-content\/uploads\/2026\/04\/vignes-2-bouchie-chatellier-scaled.png","width":2560,"height":1709,"caption":"Rangs de vignes du Domaine Bouchi\u00e9-Chatellier, culture traditionnelle avec labour"},{"@type":"BreadcrumbList","@id":"https:\/\/www.bouchie-chatellier.fr\/un-vignoble-d-exception\/#breadcrumb","itemListElement":[{"@type":"ListItem","position":1,"name":"Accueil","item":"https:\/\/www.bouchie-chatellier.fr\/"},{"@type":"ListItem","position":2,"name":"UN VIGNOBLE D&rsquo;EXCEPTION"}]},{"@type":"WebSite","@id":"https:\/\/www.bouchie-chatellier.fr\/#website","url":"https:\/\/www.bouchie-chatellier.fr\/","name":"BOUCHI\u00c9-CHATELLIER","description":"","publisher":{"@id":"https:\/\/www.bouchie-chatellier.fr\/#organization"},"potentialAction":[{"@type":"SearchAction","target":{"@type":"EntryPoint","urlTemplate":"https:\/\/www.bouchie-chatellier.fr\/?s={search_term_string}"},"query-input":{"@type":"PropertyValueSpecification","valueRequired":true,"valueName":"search_term_string"}}],"inLanguage":"en-GB"},{"@type":"Organization","@id":"https:\/\/www.bouchie-chatellier.fr\/#organization","name":"BOUCHI\u00c9-CHATELLIER","url":"https:\/\/www.bouchie-chatellier.fr\/","logo":{"@type":"ImageObject","inLanguage":"en-GB","@id":"https:\/\/www.bouchie-chatellier.fr\/#\/schema\/logo\/image\/","url":"https:\/\/www.bouchie-chatellier.fr\/wp-content\/uploads\/2025\/07\/LOGO-BOUCHIE-CHATELLIER.png","contentUrl":"https:\/\/www.bouchie-chatellier.fr\/wp-content\/uploads\/2025\/07\/LOGO-BOUCHIE-CHATELLIER.png","width":469,"height":59,"caption":"BOUCHI\u00c9-CHATELLIER"},"image":{"@id":"https:\/\/www.bouchie-chatellier.fr\/#\/schema\/logo\/image\/"}}]}},"_links":{"self":[{"href":"https:\/\/www.bouchie-chatellier.fr\/en\/wp-json\/wp\/v2\/pages\/66","targetHints":{"allow":["GET"]}}],"collection":[{"href":"https:\/\/www.bouchie-chatellier.fr\/en\/wp-json\/wp\/v2\/pages"}],"about":[{"href":"https:\/\/www.bouchie-chatellier.fr\/en\/wp-json\/wp\/v2\/types\/page"}],"author":[{"embeddable":true,"href":"https:\/\/www.bouchie-chatellier.fr\/en\/wp-json\/wp\/v2\/users\/2"}],"replies":[{"embeddable":true,"href":"https:\/\/www.bouchie-chatellier.fr\/en\/wp-json\/wp\/v2\/comments?post=66"}],"version-history":[{"count":92,"href":"https:\/\/www.bouchie-chatellier.fr\/en\/wp-json\/wp\/v2\/pages\/66\/revisions"}],"predecessor-version":[{"id":1660,"href":"https:\/\/www.bouchie-chatellier.fr\/en\/wp-json\/wp\/v2\/pages\/66\/revisions\/1660"}],"wp:featuredmedia":[{"embeddable":true,"href":"https:\/\/www.bouchie-chatellier.fr\/en\/wp-json\/wp\/v2\/media\/393"}],"wp:attachment":[{"href":"https:\/\/www.bouchie-chatellier.fr\/en\/wp-json\/wp\/v2\/media?parent=66"}],"curies":[{"name":"wp","href":"https:\/\/api.w.org\/{rel}","templated":true}]}}